{"id":2434,"date":"2023-04-12T16:32:51","date_gmt":"2023-04-12T14:32:51","guid":{"rendered":"https:\/\/scultura.local\/?page_id=2434"},"modified":"2023-06-06T08:43:15","modified_gmt":"2023-06-06T06:43:15","slug":"visibles-mas-alla-del-genero","status":"publish","type":"page","link":"https:\/\/culturaonline.consorcimuseus.gva.es\/es\/cultura-online-2023\/visibles-mas-alla-del-genero\/","title":{"rendered":"Visibles m\u00e1s all\u00e1 del g\u00e9nero"},"content":{"rendered":"<div class=\"wpb-content-wrapper\"><p>[vc_row el_class=\u00bbtitulo-pagina-custom-container\u00bb][vc_column][vc_column_text css=\u00bb.vc_custom_1602351290753{margin-bottom: 15px !important;}\u00bb el_class=\u00bbtitulo-pagina-custom\u00bb]EJES[\/vc_column_text][\/vc_column][\/vc_row][vc_row][vc_column][vc_separator color=\u00bbblack\u00bb][\/vc_column][\/vc_row][vc_row][vc_column width=\u00bb1\/3&#8243;][vc_column_text el_class=\u00bbpage-container-titulo-eje\u00bb]<\/p>\n<h3>Visibles m\u00e1s all\u00e1 del g\u00e9nero<\/h3>\n<p>[\/vc_column_text][vc_column_text]<style type=\"text\/css\" data-key=\"share-buttons-sizes-s-\">.essb_links.essb_size_s .essb_link_svg_icon svg{height:16px;width:auto}.essb_links.essb_size_s .essb_icon{width:30px !important;height:30px !important}.essb_links.essb_size_s .essb_icon:before{font-size:16px !important;top:7px !important;left:7px !important}.essb_links.essb_size_s li a .essb_network_name{font-size:12px !important;font-weight:400 !important;line-height:12px !important}.essb_links.essb_size_s .essb_totalcount_item .essb_t_l_big,.essb_links.essb_size_s .essb_totalcount_item .essb_t_r_big{font-size:16px !important;line-height:16px !important}.essb_links.essb_size_s .essb_totalcount_item .essb_t_l_big .essb_t_nb_after,.essb_links.essb_size_s .essb_totalcount_item .essb_t_r_big .essb_t_nb_after{font-size:9px !important;line-height:9px !important;margin-top:1px !important}.essb_links.essb_size_s .essb_totalcount_item .essb_t_l_big.essb_total_icon:before,.essb_links.essb_size_s .essb_totalcount_item .essb_t_r_big.essb_total_icon:before{font-size:16px !important;line-height:26px !important}<\/style><div class=\"essb_links essb_displayed_shortcode essb_share essb_template_circles-retina essb_788175036 essb_size_s print-no\" id=\"essb_displayed_shortcode_788175036\" data-essb-postid=\"2434\" data-essb-position=\"shortcode\" data-essb-button-style=\"icon\" data-essb-template=\"circles-retina\" data-essb-counter-pos=\"hidden\" data-essb-url=\"https:\/\/culturaonline.consorcimuseus.gva.es\/es\/cultura-online-2023\/visibles-mas-alla-del-genero\/\" data-essb-fullurl=\"https:\/\/culturaonline.consorcimuseus.gva.es\/es\/cultura-online-2023\/visibles-mas-alla-del-genero\/\" data-essb-instance=\"788175036\"><div class=\"essb_message_above_share\">Compartir<\/div><ul class=\"essb_links_list essb_force_hide_name essb_force_hide\"><li class=\"essb_item essb_link_facebook nolightbox essb_link_svg_icon\"> <a href=\"https:\/\/www.facebook.com\/sharer\/sharer.php?u=https%3A%2F%2Fculturaonline.consorcimuseus.gva.es%2Fes%2Fcultura-online-2023%2Fvisibles-mas-alla-del-genero%2F&t=Visibles+m%C3%A1s+all%C3%A1+del+g%C3%A9nero\" title=\"Share on Facebook\" onclick=\"essb.window(&#39;https:\/\/www.facebook.com\/sharer\/sharer.php?u=https%3A%2F%2Fculturaonline.consorcimuseus.gva.es%2Fes%2Fcultura-online-2023%2Fvisibles-mas-alla-del-genero%2F&t=Visibles+m%C3%A1s+all%C3%A1+del+g%C3%A9nero&#39;,&#39;facebook&#39;,&#39;788175036&#39;); return false;\" target=\"_blank\" rel=\"noreferrer noopener nofollow\" class=\"nolightbox essb-s-c-facebook essb-s-b-facebook essb-s-bgh-facebook essb-s-ch-light essb-s-bh-facebook essb-s-c-network essb-s-b-network essb-s-bgh-network essb-s-bh-network\" ><span class=\"essb_icon essb_icon_facebook\"><svg class=\"essb-svg-icon essb-svg-icon-facebook\" aria-hidden=\"true\" role=\"img\" focusable=\"false\" xmlns=\"http:\/\/www.w3.org\/2000\/svg\" width=\"16\" height=\"16\" viewBox=\"0 0 16 16\"><path d=\"M16 8.049c0-4.446-3.582-8.05-8-8.05C3.58 0-.002 3.603-.002 8.05c0 4.017 2.926 7.347 6.75 7.951v-5.625h-2.03V8.05H6.75V6.275c0-2.017 1.195-3.131 3.022-3.131.876 0 1.791.157 1.791.157v1.98h-1.009c-.993 0-1.303.621-1.303 1.258v1.51h2.218l-.354 2.326H9.25V16c3.824-.604 6.75-3.934 6.75-7.951\"><\/path><\/svg><\/span><span class=\"essb_network_name essb_noname\"><\/span><\/a><\/li><li class=\"essb_item essb_link_twitter nolightbox essb_link_twitter_x essb_link_svg_icon\"> <a href=\"https:\/\/x.com\/intent\/post?text=Visibles%20m\u00e1s%20all\u00e1%20del%20g\u00e9nero&amp;url=https%3A%2F%2Fculturaonline.consorcimuseus.gva.es%2Fes%2Fcultura-online-2023%2Fvisibles-mas-alla-del-genero%2F\" title=\"Share on Twitter\" onclick=\"essb.window(&#39;https:\/\/x.com\/intent\/post?text=Visibles%20m\u00e1s%20all\u00e1%20del%20g\u00e9nero&amp;url=https%3A%2F%2Fculturaonline.consorcimuseus.gva.es%2Fes%2Fcultura-online-2023%2Fvisibles-mas-alla-del-genero%2F&#39;,&#39;twitter&#39;,&#39;788175036&#39;); return false;\" target=\"_blank\" rel=\"noreferrer noopener nofollow\" class=\"nolightbox essb-s-c-twitter essb-s-b-twitter essb-s-bgh-twitter essb-s-ch-light essb-s-bh-twitter essb-s-c-network essb-s-b-network essb-s-bgh-network essb-s-bh-network\" ><span class=\"essb_icon essb_icon_twitter_x\"><svg class=\"essb-svg-icon essb-svg-icon-twitter_x\" aria-hidden=\"true\" role=\"img\" focusable=\"false\" viewBox=\"0 0 24 24\"><path d=\"M18.244 2.25h3.308l-7.227 8.26 8.502 11.24H16.17l-5.214-6.817L4.99 21.75H1.68l7.73-8.835L1.254 2.25H8.08l4.713 6.231zm-1.161 17.52h1.833L7.084 4.126H5.117z\"><\/path><\/svg><\/span><span class=\"essb_network_name essb_noname\"><\/span><\/a><\/li><li class=\"essb_item essb_link_pinterest nolightbox essb_link_svg_icon\"> <a href=\"#\" title=\"Share on Pinterest\" onclick=\"essb.pinterest_picker(&#39;788175036&#39;); return false;\" target=\"_blank\" rel=\"noreferrer noopener nofollow\" class=\"nolightbox essb-s-c-pinterest essb-s-b-pinterest essb-s-bgh-pinterest essb-s-ch-light essb-s-bh-pinterest essb-s-c-network essb-s-b-network essb-s-bgh-network essb-s-bh-network\" ><span class=\"essb_icon essb_icon_pinterest\"><svg class=\"essb-svg-icon essb-svg-icon-pinterest\" aria-hidden=\"true\" role=\"img\" focusable=\"false\" width=\"32\" height=\"32\" viewBox=\"0 0 32 32\" xmlns=\"http:\/\/www.w3.org\/2000\/svg\"><path d=\"M10.625 12.25c0-1.375 0.313-2.5 1.063-3.438 0.688-0.938 1.563-1.438 2.563-1.438 0.813 0 1.438 0.25 1.875 0.813s0.688 1.25 0.688 2.063c0 0.5-0.125 1.125-0.313 1.813-0.188 0.75-0.375 1.625-0.688 2.563-0.313 1-0.563 1.75-0.688 2.313-0.25 1-0.063 1.875 0.563 2.625 0.625 0.688 1.438 1.063 2.438 1.063 1.75 0 3.188-1 4.313-2.938 1.125-2 1.688-4.375 1.688-7.188 0-2.125-0.688-3.875-2.063-5.25-1.375-1.313-3.313-2-5.813-2-2.813 0-5.063 0.875-6.75 2.688-1.75 1.75-2.625 3.875-2.625 6.375 0 1.5 0.438 2.75 1.25 3.75 0.313 0.313 0.375 0.688 0.313 1.063-0.125 0.313-0.25 0.813-0.375 1.5-0.063 0.25-0.188 0.438-0.375 0.5s-0.375 0.063-0.563 0c-1.313-0.563-2.25-1.438-2.938-2.75s-1-2.813-1-4.5c0-1.125 0.188-2.188 0.563-3.313s0.875-2.188 1.625-3.188c0.75-1.063 1.688-1.938 2.688-2.75 1.063-0.813 2.313-1.438 3.875-1.938 1.5-0.438 3.125-0.688 4.813-0.688 1.813 0 3.438 0.313 4.938 0.938 1.5 0.563 2.813 1.375 3.813 2.375 1.063 1.063 1.813 2.188 2.438 3.5 0.563 1.313 0.875 2.688 0.875 4.063 0 3.75-0.938 6.875-2.875 9.313-1.938 2.5-4.375 3.688-7.375 3.688-1 0-1.938-0.188-2.813-0.688-0.875-0.438-1.5-1-1.875-1.688-0.688 2.938-1.125 4.688-1.313 5.25-0.375 1.438-1.25 3.188-2.688 5.25h-1.313c-0.25-2.563-0.188-4.688 0.188-6.375l2.438-10.313c-0.375-0.813-0.563-1.813-0.563-3.063z\"><\/path><\/svg><\/span><span class=\"essb_network_name essb_noname\"><\/span><\/a><\/li><\/ul><\/div>[\/vc_column_text][\/vc_column][vc_column width=\u00bb2\/3&#8243;]<style type=\"text\/css\" data-type=\"the7_shortcodes-inline-css\">.gallery-carousel-shortcode.gallery-carousel-shortcode-id-97b4d0c60dc5bb49b89c3baedca5ee93.owl-carousel .owl-nav div {\n  width: 36px;\n  height: 36px;\n  border-radius: 500px;\n}\n.dt-arrow-border-on.gallery-carousel-shortcode.gallery-carousel-shortcode-id-97b4d0c60dc5bb49b89c3baedca5ee93.owl-carousel .owl-nav div:not(:hover):before {\n  border-width: 24px;\n}\n.dt-arrow-hover-border-on.gallery-carousel-shortcode.gallery-carousel-shortcode-id-97b4d0c60dc5bb49b89c3baedca5ee93.owl-carousel .owl-nav div:hover:after {\n  border-width: 24px;\n}\n.gallery-carousel-shortcode.gallery-carousel-shortcode-id-97b4d0c60dc5bb49b89c3baedca5ee93.owl-carousel .owl-nav div.owl-prev {\n  top: 50%;\n  transform: translateY(calc(-50% + 0px));\n  left: 25px;\n}\n@media all and (-ms-high-contrast: none) {\n  .gallery-carousel-shortcode.gallery-carousel-shortcode-id-97b4d0c60dc5bb49b89c3baedca5ee93.owl-carousel .owl-nav div.owl-prev {\n    transform: translateY(-50%);\n    margin-top: 0px;\n  }\n}\n.gallery-carousel-shortcode.gallery-carousel-shortcode-id-97b4d0c60dc5bb49b89c3baedca5ee93.owl-carousel .owl-nav div.owl-prev i {\n  padding: 0px 0px 0px 0px;\n}\n.gallery-carousel-shortcode.gallery-carousel-shortcode-id-97b4d0c60dc5bb49b89c3baedca5ee93.owl-carousel .owl-nav div.owl-next {\n  top: 50%;\n  transform: translateY(calc(-50% + 0px));\n  right: 25px;\n}\n@media all and (-ms-high-contrast: none) {\n  .gallery-carousel-shortcode.gallery-carousel-shortcode-id-97b4d0c60dc5bb49b89c3baedca5ee93.owl-carousel .owl-nav div.owl-next {\n    transform: translateY(-50%);\n    margin-top: 0px;\n  }\n}\n.gallery-carousel-shortcode.gallery-carousel-shortcode-id-97b4d0c60dc5bb49b89c3baedca5ee93.owl-carousel .owl-nav div.owl-next i {\n  padding: 0px 0px 0px 0px;\n}\n.gallery-carousel-shortcode.gallery-carousel-shortcode-id-97b4d0c60dc5bb49b89c3baedca5ee93.owl-carousel .owl-nav i {\n  font-size: 18px;\n}\n.gallery-carousel-shortcode.gallery-carousel-shortcode-id-97b4d0c60dc5bb49b89c3baedca5ee93.owl-carousel .owl-nav div:not(:hover) i,\n.gallery-carousel-shortcode.gallery-carousel-shortcode-id-97b4d0c60dc5bb49b89c3baedca5ee93.owl-carousel .owl-nav div:not(:hover) i:before {\n  color: #ffffff;\n  background: none;\n}\n.gallery-carousel-shortcode.gallery-carousel-shortcode-id-97b4d0c60dc5bb49b89c3baedca5ee93.owl-carousel .owl-nav div:hover i,\n.gallery-carousel-shortcode.gallery-carousel-shortcode-id-97b4d0c60dc5bb49b89c3baedca5ee93.owl-carousel .owl-nav div:hover i:before {\n  color: rgba(255,255,255,0.75);\n  background: none;\n}\n.gallery-carousel-shortcode.gallery-carousel-shortcode-id-97b4d0c60dc5bb49b89c3baedca5ee93 .owl-dots {\n  top: calc(100% + 20px);\n  left: 50%;\n  transform: translateX(calc(-50% + 0px));\n}\n@media all and (-ms-high-contrast: none) {\n  .gallery-carousel-shortcode.gallery-carousel-shortcode-id-97b4d0c60dc5bb49b89c3baedca5ee93 .owl-dots {\n    transform: translateX(-50%);\n    margin-left: 0px;\n  }\n}\n.gallery-carousel-shortcode.gallery-carousel-shortcode-id-97b4d0c60dc5bb49b89c3baedca5ee93 .owl-dot {\n  width: 10px;\n  height: 10px;\n  margin: 0 8px;\n}\n@media screen and (max-width: 778px) {\n  .gallery-carousel-shortcode.gallery-carousel-shortcode-id-97b4d0c60dc5bb49b89c3baedca5ee93.hide-arrows .owl-nav a {\n    display: none;\n  }\n}\n@media screen and (max-width: 778px) {\n  .gallery-carousel-shortcode.gallery-carousel-shortcode-id-97b4d0c60dc5bb49b89c3baedca5ee93.reposition-arrows .owl-nav .owl-prev {\n    top: 50%;\n    transform: translateY(calc(-50% + 0px));\n    left: 10px;\n  }\n  .gallery-carousel-shortcode.gallery-carousel-shortcode-id-97b4d0c60dc5bb49b89c3baedca5ee93.reposition-arrows .owl-nav .owl-next {\n    top: 50%;\n    transform: translateY(calc(-50% + 0px));\n    right: 10px;\n  }\n}\n@media screen and (max-width: 778px) and all and (-ms-high-contrast: none) {\n  .gallery-carousel-shortcode.gallery-carousel-shortcode-id-97b4d0c60dc5bb49b89c3baedca5ee93.reposition-arrows .owl-nav .owl-prev {\n    transform: translateY(-50%);\n    margin-top: 0px;\n  }\n}\n@media screen and (max-width: 778px) and all and (-ms-high-contrast: none) {\n  .gallery-carousel-shortcode.gallery-carousel-shortcode-id-97b4d0c60dc5bb49b89c3baedca5ee93.reposition-arrows .owl-nav .owl-next {\n    transform: translateY(-50%);\n    margin-top: 0px;\n  }\n}\n.gallery-carousel-shortcode.gallery-carousel-shortcode-id-97b4d0c60dc5bb49b89c3baedca5ee93 figure,\n.gallery-carousel-shortcode.gallery-carousel-shortcode-id-97b4d0c60dc5bb49b89c3baedca5ee93 .rollover,\n.gallery-carousel-shortcode.gallery-carousel-shortcode-id-97b4d0c60dc5bb49b89c3baedca5ee93 img,\n.gallery-carousel-shortcode.gallery-carousel-shortcode-id-97b4d0c60dc5bb49b89c3baedca5ee93 .gallery-rollover {\n  border-radius: 0px;\n}\n.gallery-carousel-shortcode.gallery-carousel-shortcode-id-97b4d0c60dc5bb49b89c3baedca5ee93.enable-bg-rollover .gallery-rollover {\n  background: -webkit-linear-gradient();\n  background: linear-gradient();\n}\n.gallery-carousel-shortcode.gallery-carousel-shortcode-id-97b4d0c60dc5bb49b89c3baedca5ee93.enable-img-shadow .owl-stage-outer {\n  padding: 9px 0;\n}\n.gallery-carousel-shortcode.gallery-carousel-shortcode-id-97b4d0c60dc5bb49b89c3baedca5ee93.enable-bg-rollover.hover-scale figure .rollover:after {\n  background: -webkit-linear-gradient();\n  background: linear-gradient();\n}\n.gallery-carousel-shortcode.gallery-carousel-shortcode-id-97b4d0c60dc5bb49b89c3baedca5ee93.gallery-shortcode .gallery-zoom-ico {\n  width: 44px;\n  height: 44px;\n  line-height: 44px;\n  border-radius: 100px;\n  margin: -22px 0 0 -22px;\n  border-width: 0px;\n}\n.dt-icon-bg-on.gallery-carousel-shortcode.gallery-carousel-shortcode-id-97b4d0c60dc5bb49b89c3baedca5ee93.gallery-shortcode .gallery-zoom-ico {\n  background: rgba(255,255,255,0.3);\n  box-shadow: none;\n}\n.gallery-carousel-shortcode.gallery-carousel-shortcode-id-97b4d0c60dc5bb49b89c3baedca5ee93.gallery-shortcode .gallery-zoom-ico:before,\n.gallery-carousel-shortcode.gallery-carousel-shortcode-id-97b4d0c60dc5bb49b89c3baedca5ee93.gallery-shortcode .gallery-zoom-ico span {\n  font-size: 32px;\n  line-height: 44px;\n  color: #ffffff;\n  background: none;\n}<\/style><div class=\"owl-carousel gallery-carousel-shortcode gallery-shortcode  dt-gallery-container dt-owl-carousel-call gallery-carousel-shortcode-id-97b4d0c60dc5bb49b89c3baedca5ee93 enable-bg-rollover meta-info-off bullets-small-dot-stroke reposition-arrows dt-icon-bg-off arrows-bg-off disable-arrows-hover-bg arrows-hover-bg-off  hover-fade \" data-scroll-mode=\"1\" data-col-num=\"1\" data-wide-col-num=\"1\" data-laptop-col=\"1\" data-h-tablet-columns-num=\"1\" data-v-tablet-columns-num=\"1\" data-phone-columns-num=\"1\" data-col-gap=\"5\" data-stage-padding=\"0\" data-speed=\"1000\" data-autoplay=\"true\" data-autoplay_speed=\"3000\" data-arrows=\"true\" data-bullet=\"false\" data-next-icon=\"icon-ar-017-r\" data-prev-icon=\"icon-ar-017-l\" data-img-shadow-size=\"12px\" data-img-shadow-spread=\"3px\"><div data-post-id=\"6831\" data-date=\"2023-06-05T11:40:42+02:00\" data-name=\"PRINCIPAL_ALEJANDRO MA\u00d1AS. Y SI NO HUBIESE SIDO AS\u00cd (4)\"><figure class=\"post\"><a href=\"https:\/\/culturaonline.consorcimuseus.gva.es\/wp-content\/uploads\/2023\/05\/PRINCIPAL_ALEJANDRO-MANAS.-Y-SI-NO-HUBIESE-SIDO-ASI-4-1.jpg\" class=\"rollover dt-pswp-item layzr-bg\" data-large_image_width=\"1000\" data-large_image_height=\"667\" data-dt-img-description=\"\" title=\"PRINCIPAL_ALEJANDRO MA\u00d1AS. Y SI NO HUBIESE SIDO AS\u00cd (4)\"><img fetchpriority=\"high\" decoding=\"async\" class=\"preload-me owl-lazy-load aspect\" src=\"data:image\/svg+xml,%3Csvg%20xmlns%3D&#39;http%3A%2F%2Fwww.w3.org%2F2000%2Fsvg&#39;%20viewBox%3D&#39;0%200%20999%20667&#39;%2F%3E\" data-src=\"https:\/\/culturaonline.consorcimuseus.gva.es\/wp-content\/uploads\/2023\/05\/PRINCIPAL_ALEJANDRO-MANAS.-Y-SI-NO-HUBIESE-SIDO-ASI-4-1.jpg\" data-srcset=\"https:\/\/culturaonline.consorcimuseus.gva.es\/wp-content\/uploads\/2023\/05\/PRINCIPAL_ALEJANDRO-MANAS.-Y-SI-NO-HUBIESE-SIDO-ASI-4-1.jpg 999w\" loading=\"eager\" style=\"--ratio: 999 \/ 667\" sizes=\"(max-width: 999px) 100vw, 999px\" alt=\"\" width=\"999\" height=\"667\"  \/><span class=\"gallery-rollover\"><\/span><\/a><\/figure><\/div><div data-post-id=\"6841\" data-date=\"2023-06-05T11:52:05+02:00\" data-name=\"PRINCIPAL_ANNA MARIA STAIANO. TRANSEXPACE (7)\"><figure class=\"post\"><a href=\"https:\/\/culturaonline.consorcimuseus.gva.es\/wp-content\/uploads\/2023\/05\/PRINCIPAL_ANNA-MARIA-STAIANO.-TRANSEXPACE-7-2.jpg\" class=\"rollover dt-pswp-item layzr-bg\" data-large_image_width=\"1000\" data-large_image_height=\"667\" data-dt-img-description=\"\" title=\"PRINCIPAL_ANNA MARIA STAIANO. TRANSEXPACE (7)\"><img decoding=\"async\" class=\"preload-me owl-lazy-load aspect\" src=\"data:image\/svg+xml,%3Csvg%20xmlns%3D&#39;http%3A%2F%2Fwww.w3.org%2F2000%2Fsvg&#39;%20viewBox%3D&#39;0%200%20999%20667&#39;%2F%3E\" data-src=\"https:\/\/culturaonline.consorcimuseus.gva.es\/wp-content\/uploads\/2023\/05\/PRINCIPAL_ANNA-MARIA-STAIANO.-TRANSEXPACE-7-2.jpg\" data-srcset=\"https:\/\/culturaonline.consorcimuseus.gva.es\/wp-content\/uploads\/2023\/05\/PRINCIPAL_ANNA-MARIA-STAIANO.-TRANSEXPACE-7-2.jpg 999w\" loading=\"eager\" style=\"--ratio: 999 \/ 667\" sizes=\"(max-width: 999px) 100vw, 999px\" alt=\"\" width=\"999\" height=\"667\"  \/><span class=\"gallery-rollover\"><\/span><\/a><\/figure><\/div><div data-post-id=\"6859\" data-date=\"2023-06-05T12:01:36+02:00\" data-name=\"PRINCIPAL_BRESSOL PRODUCCIONS\"><figure class=\"post\"><a href=\"https:\/\/culturaonline.consorcimuseus.gva.es\/wp-content\/uploads\/2023\/05\/PRINCIPAL_BRESSOL-PRODUCCIONS.jpg\" class=\"rollover dt-pswp-item layzr-bg\" data-large_image_width=\"1000\" data-large_image_height=\"667\" data-dt-img-description=\"\" title=\"PRINCIPAL_BRESSOL PRODUCCIONS\"><img decoding=\"async\" class=\"preload-me owl-lazy-load aspect\" src=\"data:image\/svg+xml,%3Csvg%20xmlns%3D&#39;http%3A%2F%2Fwww.w3.org%2F2000%2Fsvg&#39;%20viewBox%3D&#39;0%200%20999%20667&#39;%2F%3E\" data-src=\"https:\/\/culturaonline.consorcimuseus.gva.es\/wp-content\/uploads\/2023\/05\/PRINCIPAL_BRESSOL-PRODUCCIONS.jpg\" data-srcset=\"https:\/\/culturaonline.consorcimuseus.gva.es\/wp-content\/uploads\/2023\/05\/PRINCIPAL_BRESSOL-PRODUCCIONS.jpg 999w\" loading=\"eager\" style=\"--ratio: 999 \/ 667\" sizes=\"(max-width: 999px) 100vw, 999px\" alt=\"\" width=\"999\" height=\"667\"  \/><span class=\"gallery-rollover\"><\/span><\/a><\/figure><\/div><div data-post-id=\"6866\" data-date=\"2023-06-05T12:09:01+02:00\" data-name=\"PRINCIPAL_EVA M\u00c1\u00d1EZ. GUARDIANAS DE LA MEMORIA (5)\"><figure class=\"post\"><a href=\"https:\/\/culturaonline.consorcimuseus.gva.es\/wp-content\/uploads\/2023\/05\/PRINCIPAL_EVA-MANEZ.-GUARDIANAS-DE-LA-MEMORIA-5-2.jpg\" class=\"rollover dt-pswp-item layzr-bg\" data-large_image_width=\"2044\" data-large_image_height=\"1364\" data-dt-img-description=\"\" title=\"PRINCIPAL_EVA M\u00c1\u00d1EZ. GUARDIANAS DE LA MEMORIA (5)\"><img decoding=\"async\" class=\"preload-me owl-lazy-load aspect\" src=\"data:image\/svg+xml,%3Csvg%20xmlns%3D&#39;http%3A%2F%2Fwww.w3.org%2F2000%2Fsvg&#39;%20viewBox%3D&#39;0%200%202043%201363&#39;%2F%3E\" data-src=\"https:\/\/culturaonline.consorcimuseus.gva.es\/wp-content\/uploads\/2023\/05\/PRINCIPAL_EVA-MANEZ.-GUARDIANAS-DE-LA-MEMORIA-5-2.jpg\" data-srcset=\"https:\/\/culturaonline.consorcimuseus.gva.es\/wp-content\/uploads\/2023\/05\/PRINCIPAL_EVA-MANEZ.-GUARDIANAS-DE-LA-MEMORIA-5-2.jpg 2043w\" loading=\"eager\" style=\"--ratio: 2043 \/ 1363\" sizes=\"(max-width: 2043px) 100vw, 2043px\" alt=\"\" width=\"2043\" height=\"1363\"  \/><span class=\"gallery-rollover\"><\/span><\/a><\/figure><\/div><div data-post-id=\"6877\" data-date=\"2023-06-05T12:18:55+02:00\" data-name=\"PRINCIPAL_LA ERRERIA\"><figure class=\"post\"><a href=\"https:\/\/culturaonline.consorcimuseus.gva.es\/wp-content\/uploads\/2023\/05\/PRINCIPAL_LA-ERRERIA.jpg\" class=\"rollover dt-pswp-item layzr-bg\" data-large_image_width=\"1000\" data-large_image_height=\"667\" data-dt-img-description=\"\" title=\"PRINCIPAL_LA ERRERIA\"><img decoding=\"async\" class=\"preload-me owl-lazy-load aspect\" src=\"data:image\/svg+xml,%3Csvg%20xmlns%3D&#39;http%3A%2F%2Fwww.w3.org%2F2000%2Fsvg&#39;%20viewBox%3D&#39;0%200%20999%20667&#39;%2F%3E\" data-src=\"https:\/\/culturaonline.consorcimuseus.gva.es\/wp-content\/uploads\/2023\/05\/PRINCIPAL_LA-ERRERIA.jpg\" data-srcset=\"https:\/\/culturaonline.consorcimuseus.gva.es\/wp-content\/uploads\/2023\/05\/PRINCIPAL_LA-ERRERIA.jpg 999w\" loading=\"eager\" style=\"--ratio: 999 \/ 667\" sizes=\"(max-width: 999px) 100vw, 999px\" alt=\"\" width=\"999\" height=\"667\"  \/><span class=\"gallery-rollover\"><\/span><\/a><\/figure><\/div><div data-post-id=\"6895\" data-date=\"2023-06-05T12:52:32+02:00\" data-name=\"PRINCIPAL_gabriela 2\"><figure class=\"post\"><a href=\"https:\/\/culturaonline.consorcimuseus.gva.es\/wp-content\/uploads\/2023\/05\/PRINCIPAL_gabriela-2.jpg\" class=\"rollover dt-pswp-item layzr-bg\" data-large_image_width=\"1000\" data-large_image_height=\"667\" data-dt-img-description=\"\" title=\"PRINCIPAL_gabriela 2\"><img decoding=\"async\" class=\"preload-me owl-lazy-load aspect\" src=\"data:image\/svg+xml,%3Csvg%20xmlns%3D&#39;http%3A%2F%2Fwww.w3.org%2F2000%2Fsvg&#39;%20viewBox%3D&#39;0%200%20999%20667&#39;%2F%3E\" data-src=\"https:\/\/culturaonline.consorcimuseus.gva.es\/wp-content\/uploads\/2023\/05\/PRINCIPAL_gabriela-2.jpg\" data-srcset=\"https:\/\/culturaonline.consorcimuseus.gva.es\/wp-content\/uploads\/2023\/05\/PRINCIPAL_gabriela-2.jpg 999w\" loading=\"eager\" style=\"--ratio: 999 \/ 667\" sizes=\"(max-width: 999px) 100vw, 999px\" alt=\"\" width=\"999\" height=\"667\"  \/><span class=\"gallery-rollover\"><\/span><\/a><\/figure><\/div><div data-post-id=\"6912\" data-date=\"2023-06-05T13:02:47+02:00\" data-name=\"PRINCIPAL_MAR\u00cdA LLOPIS\"><figure class=\"post\"><a href=\"https:\/\/culturaonline.consorcimuseus.gva.es\/wp-content\/uploads\/2023\/05\/PRINCIPAL_MARIA-LLOPIS.jpg\" class=\"rollover dt-pswp-item layzr-bg\" data-large_image_width=\"1000\" data-large_image_height=\"666\" data-dt-img-description=\"\" title=\"PRINCIPAL_MAR\u00cdA LLOPIS\"><img decoding=\"async\" class=\"preload-me owl-lazy-load aspect\" src=\"data:image\/svg+xml,%3Csvg%20xmlns%3D&#39;http%3A%2F%2Fwww.w3.org%2F2000%2Fsvg&#39;%20viewBox%3D&#39;0%200%20997%20666&#39;%2F%3E\" data-src=\"https:\/\/culturaonline.consorcimuseus.gva.es\/wp-content\/uploads\/2023\/05\/PRINCIPAL_MARIA-LLOPIS-997x666.jpg\" data-srcset=\"https:\/\/culturaonline.consorcimuseus.gva.es\/wp-content\/uploads\/2023\/05\/PRINCIPAL_MARIA-LLOPIS-997x666.jpg 997w\" loading=\"eager\" style=\"--ratio: 997 \/ 666\" sizes=\"(max-width: 997px) 100vw, 997px\" alt=\"\" width=\"997\" height=\"666\"  \/><span class=\"gallery-rollover\"><\/span><\/a><\/figure><\/div><div data-post-id=\"6931\" data-date=\"2023-06-05T13:12:44+02:00\" data-name=\"PRINCIPAL_MAU MONLE\u00d3N. CAMPUS DE MUJERES (5)\"><figure class=\"post\"><a href=\"https:\/\/culturaonline.consorcimuseus.gva.es\/wp-content\/uploads\/2023\/05\/PRINCIPAL_MAU-MONLEON.-CAMPUS-DE-MUJERES-5-3-scaled.jpg\" class=\"rollover dt-pswp-item layzr-bg\" data-large_image_width=\"2560\" data-large_image_height=\"1350\" data-dt-img-description=\"\" title=\"PRINCIPAL_MAU MONLE\u00d3N. CAMPUS DE MUJERES (5)\"><img decoding=\"async\" class=\"preload-me owl-lazy-load aspect\" src=\"data:image\/svg+xml,%3Csvg%20xmlns%3D&#39;http%3A%2F%2Fwww.w3.org%2F2000%2Fsvg&#39;%20viewBox%3D&#39;0%200%202023%201350&#39;%2F%3E\" data-src=\"https:\/\/culturaonline.consorcimuseus.gva.es\/wp-content\/uploads\/2023\/05\/PRINCIPAL_MAU-MONLEON.-CAMPUS-DE-MUJERES-5-3-scaled-2023x1350.jpg\" data-srcset=\"https:\/\/culturaonline.consorcimuseus.gva.es\/wp-content\/uploads\/2023\/05\/PRINCIPAL_MAU-MONLEON.-CAMPUS-DE-MUJERES-5-3-scaled-2023x1350.jpg 2023w\" loading=\"eager\" style=\"--ratio: 2023 \/ 1350\" sizes=\"(max-width: 2023px) 100vw, 2023px\" alt=\"\" width=\"2023\" height=\"1350\"  \/><span class=\"gallery-rollover\"><\/span><\/a><\/figure><\/div><div data-post-id=\"6959\" data-date=\"2023-06-05T13:21:58+02:00\" data-name=\"PRINCIPAL_M\u00d3NICA DEL\"><figure class=\"post\"><a href=\"https:\/\/culturaonline.consorcimuseus.gva.es\/wp-content\/uploads\/2023\/05\/PRINCIPAL_MONICA-DEL.jpg\" class=\"rollover dt-pswp-item layzr-bg\" data-large_image_width=\"1000\" data-large_image_height=\"667\" data-dt-img-description=\"\" title=\"PRINCIPAL_M\u00d3NICA DEL\"><img decoding=\"async\" class=\"preload-me owl-lazy-load aspect\" src=\"data:image\/svg+xml,%3Csvg%20xmlns%3D&#39;http%3A%2F%2Fwww.w3.org%2F2000%2Fsvg&#39;%20viewBox%3D&#39;0%200%20999%20667&#39;%2F%3E\" data-src=\"https:\/\/culturaonline.consorcimuseus.gva.es\/wp-content\/uploads\/2023\/05\/PRINCIPAL_MONICA-DEL.jpg\" data-srcset=\"https:\/\/culturaonline.consorcimuseus.gva.es\/wp-content\/uploads\/2023\/05\/PRINCIPAL_MONICA-DEL.jpg 999w\" loading=\"eager\" style=\"--ratio: 999 \/ 667\" sizes=\"(max-width: 999px) 100vw, 999px\" alt=\"\" width=\"999\" height=\"667\"  \/><span class=\"gallery-rollover\"><\/span><\/a><\/figure><\/div><div data-post-id=\"6978\" data-date=\"2023-06-06T08:31:50+02:00\" data-name=\"PRINCIPAL_RAUL RIEBENBAUER\"><figure class=\"post\"><a href=\"https:\/\/culturaonline.consorcimuseus.gva.es\/wp-content\/uploads\/2023\/05\/PRINCIPAL_RAUL-RIEBENBAUER-3.jpg\" class=\"rollover dt-pswp-item layzr-bg\" data-large_image_width=\"1920\" data-large_image_height=\"816\" data-dt-img-description=\"\" title=\"PRINCIPAL_RAUL RIEBENBAUER\"><img decoding=\"async\" class=\"preload-me owl-lazy-load aspect\" src=\"data:image\/svg+xml,%3Csvg%20xmlns%3D&#39;http%3A%2F%2Fwww.w3.org%2F2000%2Fsvg&#39;%20viewBox%3D&#39;0%200%201223%20816&#39;%2F%3E\" data-src=\"https:\/\/culturaonline.consorcimuseus.gva.es\/wp-content\/uploads\/2023\/05\/PRINCIPAL_RAUL-RIEBENBAUER-3-1223x816.jpg\" data-srcset=\"https:\/\/culturaonline.consorcimuseus.gva.es\/wp-content\/uploads\/2023\/05\/PRINCIPAL_RAUL-RIEBENBAUER-3-1223x816.jpg 1223w\" loading=\"eager\" style=\"--ratio: 1223 \/ 816\" sizes=\"(max-width: 1223px) 100vw, 1223px\" alt=\"\" width=\"1223\" height=\"816\"  \/><span class=\"gallery-rollover\"><\/span><\/a><\/figure><\/div><\/div>[vc_empty_space height=\u00bb35px\u00bb][vc_column_text]Increpaci\u00f3n. Interacci\u00f3n e interlocuci\u00f3n entre la memoria individual y colectiva. Las descendientes de las v\u00edctimas. \/ Homenaje visual y visibilizador del trabajo de la mujer en los almacenes de naranjas. \/ Localizaci\u00f3n y reparaci\u00f3n de la memoria de las mujeres represaliadas, rapadas, violentadas. \/ Fotograf\u00eda experimental en torno al maternaje de mujeres migrantes. Ritual y resistencia \/ Novela autobiogr\u00e1fica y sanadora por cap\u00edtulos sobre la experiencia sexual, que confirma la normalizaci\u00f3n de la violencia y el abuso en la sociedad. \/ Geolocalizaci\u00f3n de mujeres artistas. Mapa interactivo de sus obras en espacios p\u00fablicos. \/ Camp y ciencia ficci\u00f3n como subversi\u00f3n. Apropiaci\u00f3n desde lo queer de arquitecturas simb\u00f3licas del poder. \/ Recolecci\u00f3n participativa de saberes bot\u00e1nicos custodiados y transmitidos por las mujeres \/ Contra las narrativas hegem\u00f3nicas. Visita-relato activista y transfeminista. \/ Retratos digitales que empoderan subvirtiendo roles de g\u00e9nero \/ Un mural con un vestido en una percha de alambre que alegoriza el aborto ilegal. El rastro que homenajea la memoria de una muralista.[\/vc_column_text][vc_empty_space height=\u00bb35px\u00bb][vc_column_text]<span style=\"color: #0000ff;\"><strong><a style=\"color: #0000ff;\" href=\"https:\/\/culturaonline.consorcimuseus.gva.es\/es\/eva-manez-lopez\/\" target=\"_blank\" rel=\"noopener\">EVA MA\u00d1EZ L\u00d3PEZ. Guardianas de la memoria<\/a><\/strong><\/span><\/p>\n<p><span style=\"color: #0000ff;\"><a style=\"color: #0000ff;\" href=\"https:\/\/culturaonline.consorcimuseus.gva.es\/es\/bressol-produccions-2\/\" target=\"_blank\" rel=\"noopener\"><strong>BRESSOL PRODUCCIONS. Les que corren<\/strong><\/a><\/span><\/p>\n<p><span style=\"color: #0000ff;\"><strong><a style=\"color: #0000ff;\" href=\"https:\/\/culturaonline.consorcimuseus.gva.es\/es\/monica-del-rey-jorda-art-al-quadrat\/\" target=\"_blank\" rel=\"noopener\">M\u00d3NICA DEL REY (ART AL QUADRAT). Mapa de las mujeres rapadas del franquismo<\/a><\/strong><\/span><\/p>\n<p><span style=\"color: #0000ff;\"><strong><a style=\"color: #0000ff;\" href=\"https:\/\/culturaonline.consorcimuseus.gva.es\/es\/gabriela-rivera-lucero\/\" target=\"_blank\" rel=\"noopener\">GABRIELA RIVERA LUCERO. Maternajes transfronterizos<\/a><\/strong><\/span><\/p>\n<p><span style=\"color: #0000ff;\"><strong><a style=\"color: #0000ff;\" href=\"https:\/\/culturaonline.consorcimuseus.gva.es\/es\/gabriela-rivera-lucero\/\" target=\"_blank\" rel=\"noopener\">MAR\u00cdA LLOPIS NAVARRO. @30aaff<\/a><\/strong><\/span><\/p>\n<p><span style=\"color: #0000ff;\"><strong><a style=\"color: #0000ff;\" href=\"https:\/\/culturaonline.consorcimuseus.gva.es\/es\/mau-monleon-pradas\/\" target=\"_blank\" rel=\"noopener\">MAU MONLE\u00d3N PRADAS. #CampusDeMujeres<\/a><\/strong><\/span><\/p>\n<p><span style=\"color: #0000ff;\"><strong><a style=\"color: #0000ff;\" href=\"https:\/\/culturaonline.consorcimuseus.gva.es\/anna-maria-staiano-2\/\" target=\"_blank\" rel=\"noopener\">ANNA MARIA STAIANO. Transexpace: Revuelta Gal\u00e1ctica<\/a><\/strong><\/span><\/p>\n<p><span style=\"color: #0000ff;\"><strong><a style=\"color: #0000ff;\" href=\"https:\/\/culturaonline.consorcimuseus.gva.es\/es\/marco-ranieri\/\" target=\"_blank\" rel=\"noopener\">MARCO RANIERI. Correspond\u00e8ncia bot\u00e0nica: bot\u00e0niques de l&#8217;\u00e0via<\/a><\/strong><\/span><\/p>\n<p><span style=\"color: #0000ff;\"><strong><a style=\"color: #0000ff;\" href=\"https:\/\/culturaonline.consorcimuseus.gva.es\/es\/la-erreria-house-of-bent\/\" target=\"_blank\" rel=\"noopener\">LA ERRERIA (HOUSE OF BENT). The Unofficial Tour of the House of Bent<\/a><\/strong><\/span><\/p>\n<p><span style=\"color: #0000ff;\"><a style=\"color: #0000ff;\" href=\"https:\/\/culturaonline.consorcimuseus.gva.es\/es\/alejandro-manas-garcia\/\" target=\"_blank\" rel=\"noopener\"><strong>ALEJANDRO MA\u00d1AS GARC\u00cdA. \u00bfY si no hubiese sido as\u00ed\u2026?<\/strong><\/a><\/span><\/p>\n<p><span style=\"color: #0000ff;\"><strong><a style=\"color: #0000ff;\" href=\"https:\/\/culturaonline.consorcimuseus.gva.es\/es\/raul-riebenbauer-2\/\" target=\"_blank\" rel=\"noopener\">RAUL RIEBENBAUER. O que fica<\/a><\/strong><\/span>[\/vc_column_text][\/vc_column][\/vc_row]<\/p>\n<\/div>","protected":false},"excerpt":{"rendered":"<p>[vc_row el_class=\u00bbtitulo-pagina-custom-container\u00bb][vc_column][vc_column_text css=\u00bb.vc_custom_1602351290753{margin-bottom: 15px !important;}\u00bb el_class=\u00bbtitulo-pagina-custom\u00bb]EJES[\/vc_column_text][\/vc_column][\/vc_row][vc_row][vc_column][vc_separator color=\u00bbblack\u00bb][\/vc_column][\/vc_row][vc_row][vc_column width=\u00bb1\/3&#8243;][vc_column_text el_class=\u00bbpage-container-titulo-eje\u00bb] Visibles m\u00e1s all\u00e1 del g\u00e9nero [\/vc_column_text][vc_column_text][\/vc_column_text][\/vc_column][vc_column width=\u00bb2\/3&#8243;][vc_empty_space height=\u00bb35px\u00bb][vc_column_text]Increpaci\u00f3n. Interacci\u00f3n e interlocuci\u00f3n entre la memoria individual y colectiva. Las descendientes de las v\u00edctimas. \/ Homenaje visual y visibilizador del trabajo de la mujer en los almacenes de naranjas. \/ Localizaci\u00f3n y reparaci\u00f3n de la memoria de las&hellip;<\/p>\n","protected":false},"author":2,"featured_media":0,"parent":2342,"menu_order":0,"comment_status":"closed","ping_status":"closed","template":"","meta":{"footnotes":""},"class_list":["post-2434","page","type-page","status-publish","hentry","description-off"],"yoast_head":"<!-- This site is optimized with the Yoast SEO plugin v27.3 - https:\/\/yoast.com\/product\/yoast-seo-wordpress\/ -->\n<title>Visibles m\u00e1s all\u00e1 del g\u00e9nero - Cultura Online<\/title>\n<meta name=\"robots\" content=\"index, follow, max-snippet:-1, max-image-preview:large, max-video-preview:-1\" \/>\n<link rel=\"canonical\" href=\"https:\/\/culturaonline.consorcimuseus.gva.es\/es\/cultura-online-2023\/visibles-mas-alla-del-genero\/\" \/>\n<meta property=\"og:locale\" content=\"es_ES\" \/>\n<meta property=\"og:type\" content=\"article\" \/>\n<meta property=\"og:title\" content=\"Visibles m\u00e1s all\u00e1 del g\u00e9nero - Cultura Online\" \/>\n<meta property=\"og:description\" content=\"[vc_row el_class=\u00bbtitulo-pagina-custom-container\u00bb][vc_column][vc_column_text css=\u00bb.vc_custom_1602351290753{margin-bottom: 15px !important;}\u00bb el_class=\u00bbtitulo-pagina-custom\u00bb]EJES[\/vc_column_text][\/vc_column][\/vc_row][vc_row][vc_column][vc_separator color=\u00bbblack\u00bb][\/vc_column][\/vc_row][vc_row][vc_column width=\u00bb1\/3&#8243;][vc_column_text el_class=\u00bbpage-container-titulo-eje\u00bb] Visibles m\u00e1s all\u00e1 del g\u00e9nero [\/vc_column_text][vc_column_text][\/vc_column_text][\/vc_column][vc_column width=\u00bb2\/3&#8243;][vc_empty_space height=\u00bb35px\u00bb][vc_column_text]Increpaci\u00f3n. Interacci\u00f3n e interlocuci\u00f3n entre la memoria individual y colectiva. Las descendientes de las v\u00edctimas. \/ Homenaje visual y visibilizador del trabajo de la mujer en los almacenes de naranjas. \/ Localizaci\u00f3n y reparaci\u00f3n de la memoria de las&hellip;\" \/>\n<meta property=\"og:url\" content=\"https:\/\/culturaonline.consorcimuseus.gva.es\/es\/cultura-online-2023\/visibles-mas-alla-del-genero\/\" \/>\n<meta property=\"og:site_name\" content=\"Cultura Online\" \/>\n<meta property=\"article:modified_time\" content=\"2023-06-06T06:43:15+00:00\" \/>\n<meta property=\"og:image\" content=\"https:\/\/culturaonline.consorcimuseus.gva.es\/wp-content\/uploads\/2023\/04\/les-que-corren-01.jpg\" \/>\n\t<meta property=\"og:image:width\" content=\"1000\" \/>\n\t<meta property=\"og:image:height\" content=\"667\" \/>\n\t<meta property=\"og:image:type\" content=\"image\/jpeg\" \/>\n<meta name=\"twitter:card\" content=\"summary_large_image\" \/>\n<meta name=\"twitter:label1\" content=\"Tiempo de lectura\" \/>\n\t<meta name=\"twitter:data1\" content=\"2 minutos\" \/>\n<script type=\"application\/ld+json\" class=\"yoast-schema-graph\">{\"@context\":\"https:\\\/\\\/schema.org\",\"@graph\":[{\"@type\":\"WebPage\",\"@id\":\"https:\\\/\\\/culturaonline.consorcimuseus.gva.es\\\/es\\\/cultura-online-2023\\\/visibles-mas-alla-del-genero\\\/\",\"url\":\"https:\\\/\\\/culturaonline.consorcimuseus.gva.es\\\/es\\\/cultura-online-2023\\\/visibles-mas-alla-del-genero\\\/\",\"name\":\"Visibles m\u00e1s all\u00e1 del g\u00e9nero - Cultura Online\",\"isPartOf\":{\"@id\":\"https:\\\/\\\/culturaonline.consorcimuseus.gva.es\\\/#website\"},\"datePublished\":\"2023-04-12T14:32:51+00:00\",\"dateModified\":\"2023-06-06T06:43:15+00:00\",\"breadcrumb\":{\"@id\":\"https:\\\/\\\/culturaonline.consorcimuseus.gva.es\\\/es\\\/cultura-online-2023\\\/visibles-mas-alla-del-genero\\\/#breadcrumb\"},\"inLanguage\":\"es\",\"potentialAction\":[{\"@type\":\"ReadAction\",\"target\":[\"https:\\\/\\\/culturaonline.consorcimuseus.gva.es\\\/es\\\/cultura-online-2023\\\/visibles-mas-alla-del-genero\\\/\"]}]},{\"@type\":\"BreadcrumbList\",\"@id\":\"https:\\\/\\\/culturaonline.consorcimuseus.gva.es\\\/es\\\/cultura-online-2023\\\/visibles-mas-alla-del-genero\\\/#breadcrumb\",\"itemListElement\":[{\"@type\":\"ListItem\",\"position\":1,\"name\":\"Portada\",\"item\":\"https:\\\/\\\/culturaonline.consorcimuseus.gva.es\\\/es\\\/\"},{\"@type\":\"ListItem\",\"position\":2,\"name\":\"Cultura Online 2023\",\"item\":\"https:\\\/\\\/culturaonline.consorcimuseus.gva.es\\\/es\\\/cultura-online-2023\\\/\"},{\"@type\":\"ListItem\",\"position\":3,\"name\":\"Visibles m\u00e1s all\u00e1 del g\u00e9nero\"}]},{\"@type\":\"WebSite\",\"@id\":\"https:\\\/\\\/culturaonline.consorcimuseus.gva.es\\\/#website\",\"url\":\"https:\\\/\\\/culturaonline.consorcimuseus.gva.es\\\/\",\"name\":\"Cultura Online\",\"description\":\"\",\"publisher\":{\"@id\":\"https:\\\/\\\/culturaonline.consorcimuseus.gva.es\\\/#organization\"},\"potentialAction\":[{\"@type\":\"SearchAction\",\"target\":{\"@type\":\"EntryPoint\",\"urlTemplate\":\"https:\\\/\\\/culturaonline.consorcimuseus.gva.es\\\/?s={search_term_string}\"},\"query-input\":{\"@type\":\"PropertyValueSpecification\",\"valueRequired\":true,\"valueName\":\"search_term_string\"}}],\"inLanguage\":\"es\"},{\"@type\":\"Organization\",\"@id\":\"https:\\\/\\\/culturaonline.consorcimuseus.gva.es\\\/#organization\",\"name\":\"Consorci de Museus de la Comunitat Valenciana\",\"url\":\"https:\\\/\\\/culturaonline.consorcimuseus.gva.es\\\/\",\"logo\":{\"@type\":\"ImageObject\",\"inLanguage\":\"es\",\"@id\":\"https:\\\/\\\/culturaonline.consorcimuseus.gva.es\\\/#\\\/schema\\\/logo\\\/image\\\/\",\"url\":\"https:\\\/\\\/culturaonline.consorcimuseus.gva.es\\\/wp-content\\\/uploads\\\/2020\\\/10\\\/logo-consorci-museus.jpg\",\"contentUrl\":\"https:\\\/\\\/culturaonline.consorcimuseus.gva.es\\\/wp-content\\\/uploads\\\/2020\\\/10\\\/logo-consorci-museus.jpg\",\"width\":122,\"height\":108,\"caption\":\"Consorci de Museus de la Comunitat Valenciana\"},\"image\":{\"@id\":\"https:\\\/\\\/culturaonline.consorcimuseus.gva.es\\\/#\\\/schema\\\/logo\\\/image\\\/\"}}]}<\/script>\n<!-- \/ Yoast SEO plugin. -->","yoast_head_json":{"title":"Visibles m\u00e1s all\u00e1 del g\u00e9nero - Cultura Online","robots":{"index":"index","follow":"follow","max-snippet":"max-snippet:-1","max-image-preview":"max-image-preview:large","max-video-preview":"max-video-preview:-1"},"canonical":"https:\/\/culturaonline.consorcimuseus.gva.es\/es\/cultura-online-2023\/visibles-mas-alla-del-genero\/","og_locale":"es_ES","og_type":"article","og_title":"Visibles m\u00e1s all\u00e1 del g\u00e9nero - Cultura Online","og_description":"[vc_row el_class=\u00bbtitulo-pagina-custom-container\u00bb][vc_column][vc_column_text css=\u00bb.vc_custom_1602351290753{margin-bottom: 15px !important;}\u00bb el_class=\u00bbtitulo-pagina-custom\u00bb]EJES[\/vc_column_text][\/vc_column][\/vc_row][vc_row][vc_column][vc_separator color=\u00bbblack\u00bb][\/vc_column][\/vc_row][vc_row][vc_column width=\u00bb1\/3&#8243;][vc_column_text el_class=\u00bbpage-container-titulo-eje\u00bb] Visibles m\u00e1s all\u00e1 del g\u00e9nero [\/vc_column_text][vc_column_text][\/vc_column_text][\/vc_column][vc_column width=\u00bb2\/3&#8243;][vc_empty_space height=\u00bb35px\u00bb][vc_column_text]Increpaci\u00f3n. Interacci\u00f3n e interlocuci\u00f3n entre la memoria individual y colectiva. Las descendientes de las v\u00edctimas. \/ Homenaje visual y visibilizador del trabajo de la mujer en los almacenes de naranjas. \/ Localizaci\u00f3n y reparaci\u00f3n de la memoria de las&hellip;","og_url":"https:\/\/culturaonline.consorcimuseus.gva.es\/es\/cultura-online-2023\/visibles-mas-alla-del-genero\/","og_site_name":"Cultura Online","article_modified_time":"2023-06-06T06:43:15+00:00","og_image":[{"width":1000,"height":667,"url":"https:\/\/culturaonline.consorcimuseus.gva.es\/wp-content\/uploads\/2023\/04\/les-que-corren-01.jpg","type":"image\/jpeg"}],"twitter_card":"summary_large_image","twitter_misc":{"Tiempo de lectura":"2 minutos"},"schema":{"@context":"https:\/\/schema.org","@graph":[{"@type":"WebPage","@id":"https:\/\/culturaonline.consorcimuseus.gva.es\/es\/cultura-online-2023\/visibles-mas-alla-del-genero\/","url":"https:\/\/culturaonline.consorcimuseus.gva.es\/es\/cultura-online-2023\/visibles-mas-alla-del-genero\/","name":"Visibles m\u00e1s all\u00e1 del g\u00e9nero - Cultura Online","isPartOf":{"@id":"https:\/\/culturaonline.consorcimuseus.gva.es\/#website"},"datePublished":"2023-04-12T14:32:51+00:00","dateModified":"2023-06-06T06:43:15+00:00","breadcrumb":{"@id":"https:\/\/culturaonline.consorcimuseus.gva.es\/es\/cultura-online-2023\/visibles-mas-alla-del-genero\/#breadcrumb"},"inLanguage":"es","potentialAction":[{"@type":"ReadAction","target":["https:\/\/culturaonline.consorcimuseus.gva.es\/es\/cultura-online-2023\/visibles-mas-alla-del-genero\/"]}]},{"@type":"BreadcrumbList","@id":"https:\/\/culturaonline.consorcimuseus.gva.es\/es\/cultura-online-2023\/visibles-mas-alla-del-genero\/#breadcrumb","itemListElement":[{"@type":"ListItem","position":1,"name":"Portada","item":"https:\/\/culturaonline.consorcimuseus.gva.es\/es\/"},{"@type":"ListItem","position":2,"name":"Cultura Online 2023","item":"https:\/\/culturaonline.consorcimuseus.gva.es\/es\/cultura-online-2023\/"},{"@type":"ListItem","position":3,"name":"Visibles m\u00e1s all\u00e1 del g\u00e9nero"}]},{"@type":"WebSite","@id":"https:\/\/culturaonline.consorcimuseus.gva.es\/#website","url":"https:\/\/culturaonline.consorcimuseus.gva.es\/","name":"Cultura Online","description":"","publisher":{"@id":"https:\/\/culturaonline.consorcimuseus.gva.es\/#organization"},"potentialAction":[{"@type":"SearchAction","target":{"@type":"EntryPoint","urlTemplate":"https:\/\/culturaonline.consorcimuseus.gva.es\/?s={search_term_string}"},"query-input":{"@type":"PropertyValueSpecification","valueRequired":true,"valueName":"search_term_string"}}],"inLanguage":"es"},{"@type":"Organization","@id":"https:\/\/culturaonline.consorcimuseus.gva.es\/#organization","name":"Consorci de Museus de la Comunitat Valenciana","url":"https:\/\/culturaonline.consorcimuseus.gva.es\/","logo":{"@type":"ImageObject","inLanguage":"es","@id":"https:\/\/culturaonline.consorcimuseus.gva.es\/#\/schema\/logo\/image\/","url":"https:\/\/culturaonline.consorcimuseus.gva.es\/wp-content\/uploads\/2020\/10\/logo-consorci-museus.jpg","contentUrl":"https:\/\/culturaonline.consorcimuseus.gva.es\/wp-content\/uploads\/2020\/10\/logo-consorci-museus.jpg","width":122,"height":108,"caption":"Consorci de Museus de la Comunitat Valenciana"},"image":{"@id":"https:\/\/culturaonline.consorcimuseus.gva.es\/#\/schema\/logo\/image\/"}}]}},"_links":{"self":[{"href":"https:\/\/culturaonline.consorcimuseus.gva.es\/es\/wp-json\/wp\/v2\/pages\/2434","targetHints":{"allow":["GET"]}}],"collection":[{"href":"https:\/\/culturaonline.consorcimuseus.gva.es\/es\/wp-json\/wp\/v2\/pages"}],"about":[{"href":"https:\/\/culturaonline.consorcimuseus.gva.es\/es\/wp-json\/wp\/v2\/types\/page"}],"author":[{"embeddable":true,"href":"https:\/\/culturaonline.consorcimuseus.gva.es\/es\/wp-json\/wp\/v2\/users\/2"}],"replies":[{"embeddable":true,"href":"https:\/\/culturaonline.consorcimuseus.gva.es\/es\/wp-json\/wp\/v2\/comments?post=2434"}],"version-history":[{"count":0,"href":"https:\/\/culturaonline.consorcimuseus.gva.es\/es\/wp-json\/wp\/v2\/pages\/2434\/revisions"}],"up":[{"embeddable":true,"href":"https:\/\/culturaonline.consorcimuseus.gva.es\/es\/wp-json\/wp\/v2\/pages\/2342"}],"wp:attachment":[{"href":"https:\/\/culturaonline.consorcimuseus.gva.es\/es\/wp-json\/wp\/v2\/media?parent=2434"}],"curies":[{"name":"wp","href":"https:\/\/api.w.org\/{rel}","templated":true}]}}