{"id":349,"date":"2020-10-10T19:09:46","date_gmt":"2020-10-10T17:09:46","guid":{"rendered":"https:\/\/scultura.local\/?page_id=349"},"modified":"2020-11-19T12:47:21","modified_gmt":"2020-11-19T11:47:21","slug":"conciencia-ecologica-la-naturaleza-los-elementos","status":"publish","type":"page","link":"https:\/\/culturaonline.consorcimuseus.gva.es\/es\/cultura-online\/conciencia-ecologica-la-naturaleza-los-elementos\/","title":{"rendered":"Conciencia ecol\u00f3gica. La naturaleza. Los elementos"},"content":{"rendered":"<div class=\"wpb-content-wrapper\"><p>[vc_row el_class=\u00bbtitulo-pagina-custom-container\u00bb][vc_column][vc_column_text css=\u00bb.vc_custom_1602349749367{margin-bottom: 15px !important;}\u00bb el_class=\u00bbtitulo-pagina-custom\u00bb]EJES[\/vc_column_text][\/vc_column][\/vc_row][vc_row][vc_column][vc_separator color=\u00bbblack\u00bb][\/vc_column][\/vc_row][vc_row][vc_column width=\u00bb1\/3&#8243;][vc_column_text el_class=\u00bbpage-container-titulo-eje\u00bb]<\/p>\n<h3>Conciencia ecol\u00f3gica. La naturaleza. Los elementos<\/h3>\n<p>[\/vc_column_text][vc_column_text]<style type=\"text\/css\" data-key=\"share-buttons-sizes-s-\">.essb_links.essb_size_s .essb_link_svg_icon svg{height:16px;width:auto}.essb_links.essb_size_s .essb_icon{width:30px !important;height:30px !important}.essb_links.essb_size_s .essb_icon:before{font-size:16px !important;top:7px !important;left:7px !important}.essb_links.essb_size_s li a .essb_network_name{font-size:12px !important;font-weight:400 !important;line-height:12px !important}.essb_links.essb_size_s .essb_totalcount_item .essb_t_l_big,.essb_links.essb_size_s .essb_totalcount_item .essb_t_r_big{font-size:16px !important;line-height:16px !important}.essb_links.essb_size_s .essb_totalcount_item .essb_t_l_big .essb_t_nb_after,.essb_links.essb_size_s .essb_totalcount_item .essb_t_r_big .essb_t_nb_after{font-size:9px !important;line-height:9px !important;margin-top:1px !important}.essb_links.essb_size_s .essb_totalcount_item .essb_t_l_big.essb_total_icon:before,.essb_links.essb_size_s .essb_totalcount_item .essb_t_r_big.essb_total_icon:before{font-size:16px !important;line-height:26px !important}<\/style><div class=\"essb_links essb_displayed_shortcode essb_share essb_template_circles-retina essb_109590367 essb_size_s print-no\" id=\"essb_displayed_shortcode_109590367\" data-essb-postid=\"349\" data-essb-position=\"shortcode\" data-essb-button-style=\"icon\" data-essb-template=\"circles-retina\" data-essb-counter-pos=\"hidden\" data-essb-url=\"https:\/\/culturaonline.consorcimuseus.gva.es\/es\/cultura-online\/conciencia-ecologica-la-naturaleza-los-elementos\/\" data-essb-fullurl=\"https:\/\/culturaonline.consorcimuseus.gva.es\/es\/cultura-online\/conciencia-ecologica-la-naturaleza-los-elementos\/\" data-essb-instance=\"109590367\"><div class=\"essb_message_above_share\">Compartir<\/div><ul class=\"essb_links_list essb_force_hide_name essb_force_hide\"><li class=\"essb_item essb_link_facebook nolightbox essb_link_svg_icon\"> <a href=\"https:\/\/www.facebook.com\/sharer\/sharer.php?u=https%3A%2F%2Fculturaonline.consorcimuseus.gva.es%2Fes%2Fcultura-online%2Fconciencia-ecologica-la-naturaleza-los-elementos%2F&t=Conciencia+ecol%C3%B3gica.+La+naturaleza.+Los+elementos\" title=\"Share on Facebook\" onclick=\"essb.window(&#39;https:\/\/www.facebook.com\/sharer\/sharer.php?u=https%3A%2F%2Fculturaonline.consorcimuseus.gva.es%2Fes%2Fcultura-online%2Fconciencia-ecologica-la-naturaleza-los-elementos%2F&t=Conciencia+ecol%C3%B3gica.+La+naturaleza.+Los+elementos&#39;,&#39;facebook&#39;,&#39;109590367&#39;); return false;\" target=\"_blank\" rel=\"noreferrer noopener nofollow\" class=\"nolightbox essb-s-c-facebook essb-s-b-facebook essb-s-bgh-facebook essb-s-ch-light essb-s-bh-facebook essb-s-c-network essb-s-b-network essb-s-bgh-network essb-s-bh-network\" ><span class=\"essb_icon essb_icon_facebook\"><svg class=\"essb-svg-icon essb-svg-icon-facebook\" aria-hidden=\"true\" role=\"img\" focusable=\"false\" xmlns=\"http:\/\/www.w3.org\/2000\/svg\" width=\"16\" height=\"16\" viewBox=\"0 0 16 16\"><path d=\"M16 8.049c0-4.446-3.582-8.05-8-8.05C3.58 0-.002 3.603-.002 8.05c0 4.017 2.926 7.347 6.75 7.951v-5.625h-2.03V8.05H6.75V6.275c0-2.017 1.195-3.131 3.022-3.131.876 0 1.791.157 1.791.157v1.98h-1.009c-.993 0-1.303.621-1.303 1.258v1.51h2.218l-.354 2.326H9.25V16c3.824-.604 6.75-3.934 6.75-7.951\"><\/path><\/svg><\/span><span class=\"essb_network_name essb_noname\"><\/span><\/a><\/li><li class=\"essb_item essb_link_twitter nolightbox essb_link_twitter_x essb_link_svg_icon\"> <a href=\"https:\/\/x.com\/intent\/post?text=Conciencia%20ecol\u00f3gica.%20La%20naturaleza.%20Los%20elementos&amp;url=https%3A%2F%2Fculturaonline.consorcimuseus.gva.es%2Fes%2Fcultura-online%2Fconciencia-ecologica-la-naturaleza-los-elementos%2F\" title=\"Share on Twitter\" onclick=\"essb.window(&#39;https:\/\/x.com\/intent\/post?text=Conciencia%20ecol\u00f3gica.%20La%20naturaleza.%20Los%20elementos&amp;url=https%3A%2F%2Fculturaonline.consorcimuseus.gva.es%2Fes%2Fcultura-online%2Fconciencia-ecologica-la-naturaleza-los-elementos%2F&#39;,&#39;twitter&#39;,&#39;109590367&#39;); return false;\" target=\"_blank\" rel=\"noreferrer noopener nofollow\" class=\"nolightbox essb-s-c-twitter essb-s-b-twitter essb-s-bgh-twitter essb-s-ch-light essb-s-bh-twitter essb-s-c-network essb-s-b-network essb-s-bgh-network essb-s-bh-network\" ><span class=\"essb_icon essb_icon_twitter_x\"><svg class=\"essb-svg-icon essb-svg-icon-twitter_x\" aria-hidden=\"true\" role=\"img\" focusable=\"false\" viewBox=\"0 0 24 24\"><path d=\"M18.244 2.25h3.308l-7.227 8.26 8.502 11.24H16.17l-5.214-6.817L4.99 21.75H1.68l7.73-8.835L1.254 2.25H8.08l4.713 6.231zm-1.161 17.52h1.833L7.084 4.126H5.117z\"><\/path><\/svg><\/span><span class=\"essb_network_name essb_noname\"><\/span><\/a><\/li><li class=\"essb_item essb_link_pinterest nolightbox essb_link_svg_icon\"> <a href=\"#\" title=\"Share on Pinterest\" onclick=\"essb.pinterest_picker(&#39;109590367&#39;); return false;\" target=\"_blank\" rel=\"noreferrer noopener nofollow\" class=\"nolightbox essb-s-c-pinterest essb-s-b-pinterest essb-s-bgh-pinterest essb-s-ch-light essb-s-bh-pinterest essb-s-c-network essb-s-b-network essb-s-bgh-network essb-s-bh-network\" ><span class=\"essb_icon essb_icon_pinterest\"><svg class=\"essb-svg-icon essb-svg-icon-pinterest\" aria-hidden=\"true\" role=\"img\" focusable=\"false\" width=\"32\" height=\"32\" viewBox=\"0 0 32 32\" xmlns=\"http:\/\/www.w3.org\/2000\/svg\"><path d=\"M10.625 12.25c0-1.375 0.313-2.5 1.063-3.438 0.688-0.938 1.563-1.438 2.563-1.438 0.813 0 1.438 0.25 1.875 0.813s0.688 1.25 0.688 2.063c0 0.5-0.125 1.125-0.313 1.813-0.188 0.75-0.375 1.625-0.688 2.563-0.313 1-0.563 1.75-0.688 2.313-0.25 1-0.063 1.875 0.563 2.625 0.625 0.688 1.438 1.063 2.438 1.063 1.75 0 3.188-1 4.313-2.938 1.125-2 1.688-4.375 1.688-7.188 0-2.125-0.688-3.875-2.063-5.25-1.375-1.313-3.313-2-5.813-2-2.813 0-5.063 0.875-6.75 2.688-1.75 1.75-2.625 3.875-2.625 6.375 0 1.5 0.438 2.75 1.25 3.75 0.313 0.313 0.375 0.688 0.313 1.063-0.125 0.313-0.25 0.813-0.375 1.5-0.063 0.25-0.188 0.438-0.375 0.5s-0.375 0.063-0.563 0c-1.313-0.563-2.25-1.438-2.938-2.75s-1-2.813-1-4.5c0-1.125 0.188-2.188 0.563-3.313s0.875-2.188 1.625-3.188c0.75-1.063 1.688-1.938 2.688-2.75 1.063-0.813 2.313-1.438 3.875-1.938 1.5-0.438 3.125-0.688 4.813-0.688 1.813 0 3.438 0.313 4.938 0.938 1.5 0.563 2.813 1.375 3.813 2.375 1.063 1.063 1.813 2.188 2.438 3.5 0.563 1.313 0.875 2.688 0.875 4.063 0 3.75-0.938 6.875-2.875 9.313-1.938 2.5-4.375 3.688-7.375 3.688-1 0-1.938-0.188-2.813-0.688-0.875-0.438-1.5-1-1.875-1.688-0.688 2.938-1.125 4.688-1.313 5.25-0.375 1.438-1.25 3.188-2.688 5.25h-1.313c-0.25-2.563-0.188-4.688 0.188-6.375l2.438-10.313c-0.375-0.813-0.563-1.813-0.563-3.063z\"><\/path><\/svg><\/span><span class=\"essb_network_name essb_noname\"><\/span><\/a><\/li><\/ul><\/div>[\/vc_column_text][\/vc_column][vc_column width=\u00bb2\/3&#8243;]<style type=\"text\/css\" data-type=\"the7_shortcodes-inline-css\">.gallery-carousel-shortcode.gallery-carousel-shortcode-id-b3d4c3f5682b2b41b771070a17fc378d.owl-carousel .owl-nav div {\n  width: 36px;\n  height: 36px;\n  border-radius: 500px;\n}\n.dt-arrow-border-on.gallery-carousel-shortcode.gallery-carousel-shortcode-id-b3d4c3f5682b2b41b771070a17fc378d.owl-carousel .owl-nav div:not(:hover):before {\n  border-width: 0px;\n}\n.dt-arrow-hover-border-on.gallery-carousel-shortcode.gallery-carousel-shortcode-id-b3d4c3f5682b2b41b771070a17fc378d.owl-carousel .owl-nav div:hover:after {\n  border-width: 0px;\n}\n.gallery-carousel-shortcode.gallery-carousel-shortcode-id-b3d4c3f5682b2b41b771070a17fc378d.owl-carousel .owl-nav div.owl-prev {\n  top: 50%;\n  transform: translateY(calc(-50% + 0px));\n  left: -43px;\n}\n@media all and (-ms-high-contrast: none) {\n  .gallery-carousel-shortcode.gallery-carousel-shortcode-id-b3d4c3f5682b2b41b771070a17fc378d.owl-carousel .owl-nav div.owl-prev {\n    transform: translateY(-50%);\n    margin-top: 0px;\n  }\n}\n.gallery-carousel-shortcode.gallery-carousel-shortcode-id-b3d4c3f5682b2b41b771070a17fc378d.owl-carousel .owl-nav div.owl-prev i {\n  padding: 0px 0px 0px 0px;\n}\n.gallery-carousel-shortcode.gallery-carousel-shortcode-id-b3d4c3f5682b2b41b771070a17fc378d.owl-carousel .owl-nav div.owl-next {\n  top: 50%;\n  transform: translateY(calc(-50% + 0px));\n  right: -43px;\n}\n@media all and (-ms-high-contrast: none) {\n  .gallery-carousel-shortcode.gallery-carousel-shortcode-id-b3d4c3f5682b2b41b771070a17fc378d.owl-carousel .owl-nav div.owl-next {\n    transform: translateY(-50%);\n    margin-top: 0px;\n  }\n}\n.gallery-carousel-shortcode.gallery-carousel-shortcode-id-b3d4c3f5682b2b41b771070a17fc378d.owl-carousel .owl-nav div.owl-next i {\n  padding: 0px 0px 0px 0px;\n}\n.gallery-carousel-shortcode.gallery-carousel-shortcode-id-b3d4c3f5682b2b41b771070a17fc378d.owl-carousel .owl-nav i {\n  font-size: 18px;\n}\n.gallery-carousel-shortcode.gallery-carousel-shortcode-id-b3d4c3f5682b2b41b771070a17fc378d.owl-carousel .owl-nav div:not(:hover) i,\n.gallery-carousel-shortcode.gallery-carousel-shortcode-id-b3d4c3f5682b2b41b771070a17fc378d.owl-carousel .owl-nav div:not(:hover) i:before {\n  color: #ffffff;\n  background: none;\n}\n.gallery-carousel-shortcode.gallery-carousel-shortcode-id-b3d4c3f5682b2b41b771070a17fc378d.owl-carousel .owl-nav div:hover i,\n.gallery-carousel-shortcode.gallery-carousel-shortcode-id-b3d4c3f5682b2b41b771070a17fc378d.owl-carousel .owl-nav div:hover i:before {\n  color: rgba(255,255,255,0.75);\n  background: none;\n}\n.gallery-carousel-shortcode.gallery-carousel-shortcode-id-b3d4c3f5682b2b41b771070a17fc378d .owl-dots {\n  top: calc(100% + 20px);\n  left: 50%;\n  transform: translateX(calc(-50% + 0px));\n}\n@media all and (-ms-high-contrast: none) {\n  .gallery-carousel-shortcode.gallery-carousel-shortcode-id-b3d4c3f5682b2b41b771070a17fc378d .owl-dots {\n    transform: translateX(-50%);\n    margin-left: 0px;\n  }\n}\n.gallery-carousel-shortcode.gallery-carousel-shortcode-id-b3d4c3f5682b2b41b771070a17fc378d .owl-dot {\n  width: 10px;\n  height: 10px;\n  margin: 0 8px;\n}\n@media screen and (max-width: 778px) {\n  .gallery-carousel-shortcode.gallery-carousel-shortcode-id-b3d4c3f5682b2b41b771070a17fc378d.hide-arrows .owl-nav a {\n    display: none;\n  }\n}\n@media screen and (max-width: 778px) {\n  .gallery-carousel-shortcode.gallery-carousel-shortcode-id-b3d4c3f5682b2b41b771070a17fc378d.reposition-arrows .owl-nav .owl-prev {\n    top: 50%;\n    transform: translateY(calc(-50% + 0px));\n    left: 10px;\n  }\n  .gallery-carousel-shortcode.gallery-carousel-shortcode-id-b3d4c3f5682b2b41b771070a17fc378d.reposition-arrows .owl-nav .owl-next {\n    top: 50%;\n    transform: translateY(calc(-50% + 0px));\n    right: 10px;\n  }\n}\n@media screen and (max-width: 778px) and all and (-ms-high-contrast: none) {\n  .gallery-carousel-shortcode.gallery-carousel-shortcode-id-b3d4c3f5682b2b41b771070a17fc378d.reposition-arrows .owl-nav .owl-prev {\n    transform: translateY(-50%);\n    margin-top: 0px;\n  }\n}\n@media screen and (max-width: 778px) and all and (-ms-high-contrast: none) {\n  .gallery-carousel-shortcode.gallery-carousel-shortcode-id-b3d4c3f5682b2b41b771070a17fc378d.reposition-arrows .owl-nav .owl-next {\n    transform: translateY(-50%);\n    margin-top: 0px;\n  }\n}\n.gallery-carousel-shortcode.gallery-carousel-shortcode-id-b3d4c3f5682b2b41b771070a17fc378d figure,\n.gallery-carousel-shortcode.gallery-carousel-shortcode-id-b3d4c3f5682b2b41b771070a17fc378d .rollover,\n.gallery-carousel-shortcode.gallery-carousel-shortcode-id-b3d4c3f5682b2b41b771070a17fc378d img,\n.gallery-carousel-shortcode.gallery-carousel-shortcode-id-b3d4c3f5682b2b41b771070a17fc378d .gallery-rollover {\n  border-radius: 0px;\n}\n.gallery-carousel-shortcode.gallery-carousel-shortcode-id-b3d4c3f5682b2b41b771070a17fc378d.enable-bg-rollover .gallery-rollover {\n  background: -webkit-linear-gradient();\n  background: linear-gradient();\n}\n.gallery-carousel-shortcode.gallery-carousel-shortcode-id-b3d4c3f5682b2b41b771070a17fc378d.enable-img-shadow .owl-stage-outer {\n  padding: 9px 0;\n}\n.gallery-carousel-shortcode.gallery-carousel-shortcode-id-b3d4c3f5682b2b41b771070a17fc378d.enable-bg-rollover.hover-scale figure .rollover:after {\n  background: -webkit-linear-gradient();\n  background: linear-gradient();\n}\n.gallery-carousel-shortcode.gallery-carousel-shortcode-id-b3d4c3f5682b2b41b771070a17fc378d.gallery-shortcode .gallery-zoom-ico {\n  width: 44px;\n  height: 44px;\n  line-height: 44px;\n  border-radius: 100px;\n  margin: -22px 0 0 -22px;\n  border-width: 0px;\n}\n.dt-icon-bg-on.gallery-carousel-shortcode.gallery-carousel-shortcode-id-b3d4c3f5682b2b41b771070a17fc378d.gallery-shortcode .gallery-zoom-ico {\n  background: rgba(255,255,255,0.3);\n  box-shadow: none;\n}\n.gallery-carousel-shortcode.gallery-carousel-shortcode-id-b3d4c3f5682b2b41b771070a17fc378d.gallery-shortcode .gallery-zoom-ico:before,\n.gallery-carousel-shortcode.gallery-carousel-shortcode-id-b3d4c3f5682b2b41b771070a17fc378d.gallery-shortcode .gallery-zoom-ico span {\n  font-size: 32px;\n  line-height: 44px;\n  color: #ffffff;\n  background: none;\n}<\/style><div class=\"owl-carousel gallery-carousel-shortcode gallery-shortcode  dt-gallery-container dt-owl-carousel-call gallery-carousel-shortcode-id-b3d4c3f5682b2b41b771070a17fc378d enable-bg-rollover meta-info-off dt-arrow-border-on dt-arrow-hover-border-on bullets-small-dot-stroke reposition-arrows dt-icon-bg-off arrows-bg-on disable-arrows-hover-bg arrows-hover-bg-on  hover-fade \" data-scroll-mode=\"1\" data-col-num=\"1\" data-wide-col-num=\"1\" data-laptop-col=\"1\" data-h-tablet-columns-num=\"1\" data-v-tablet-columns-num=\"1\" data-phone-columns-num=\"1\" data-col-gap=\"5\" data-stage-padding=\"0\" data-speed=\"1000\" data-autoplay=\"true\" data-autoplay_speed=\"3000\" data-arrows=\"false\" data-bullet=\"false\" data-next-icon=\"icon-ar-017-r\" data-prev-icon=\"icon-ar-017-l\" data-img-shadow-size=\"12px\" data-img-shadow-spread=\"3px\"><div data-post-id=\"180\" data-date=\"2020-10-10T11:59:31+02:00\" data-name=\"BRESSOL PRODUCCIONS\"><figure class=\"post\"><a href=\"https:\/\/culturaonline.consorcimuseus.gva.es\/wp-content\/uploads\/2020\/10\/44-conciencia-ecologica-foto-bressol-produccions.jpg\" class=\"rollover dt-pswp-item layzr-bg\" data-large_image_width=\"1000\" data-large_image_height=\"667\" data-dt-img-description=\"BRESSOL PRODUCCIONS\" title=\"BRESSOL PRODUCCIONS\"><img fetchpriority=\"high\" decoding=\"async\" class=\"preload-me owl-lazy-load aspect\" src=\"data:image\/svg+xml,%3Csvg%20xmlns%3D&#39;http%3A%2F%2Fwww.w3.org%2F2000%2Fsvg&#39;%20viewBox%3D&#39;0%200%20999%20666&#39;%2F%3E\" data-src=\"https:\/\/culturaonline.consorcimuseus.gva.es\/wp-content\/uploads\/2020\/10\/44-conciencia-ecologica-foto-bressol-produccions.jpg\" data-srcset=\"https:\/\/culturaonline.consorcimuseus.gva.es\/wp-content\/uploads\/2020\/10\/44-conciencia-ecologica-foto-bressol-produccions.jpg 999w\" loading=\"eager\" style=\"--ratio: 999 \/ 666\" sizes=\"(max-width: 999px) 100vw, 999px\" alt=\"BRESSOL PRODUCCIONS\" width=\"999\" height=\"666\"  \/><span class=\"gallery-rollover\"><\/span><\/a><\/figure><\/div><div data-post-id=\"182\" data-date=\"2020-10-10T11:59:33+02:00\" data-name=\"PAU BERGA. Requiem for a CEO\"><figure class=\"post\"><a href=\"https:\/\/culturaonline.consorcimuseus.gva.es\/wp-content\/uploads\/2020\/10\/45-conciencia-ecologica-foto-pau-berga.jpg\" class=\"rollover dt-pswp-item layzr-bg\" data-large_image_width=\"1000\" data-large_image_height=\"667\" data-dt-img-description=\"PAU BERGA. Requiem for a CEO\" title=\"PAU BERGA. Requiem for a CEO\"><img decoding=\"async\" class=\"preload-me owl-lazy-load aspect\" src=\"data:image\/svg+xml,%3Csvg%20xmlns%3D&#39;http%3A%2F%2Fwww.w3.org%2F2000%2Fsvg&#39;%20viewBox%3D&#39;0%200%20999%20666&#39;%2F%3E\" data-src=\"https:\/\/culturaonline.consorcimuseus.gva.es\/wp-content\/uploads\/2020\/10\/45-conciencia-ecologica-foto-pau-berga.jpg\" data-srcset=\"https:\/\/culturaonline.consorcimuseus.gva.es\/wp-content\/uploads\/2020\/10\/45-conciencia-ecologica-foto-pau-berga.jpg 999w\" loading=\"eager\" style=\"--ratio: 999 \/ 666\" sizes=\"(max-width: 999px) 100vw, 999px\" alt=\"PAU BERGA. Requiem for a CEO\" width=\"999\" height=\"666\"  \/><span class=\"gallery-rollover\"><\/span><\/a><\/figure><\/div><div data-post-id=\"184\" data-date=\"2020-10-10T11:59:35+02:00\" data-name=\"ASSOCIACI\u00d3 CULTURAL HORT, ART EN MOVIMENT\"><figure class=\"post\"><a href=\"https:\/\/culturaonline.consorcimuseus.gva.es\/wp-content\/uploads\/2020\/10\/46-conciencia-ecologica-associacio-cultural-hort-art-en-moviment.jpg\" class=\"rollover dt-pswp-item layzr-bg\" data-large_image_width=\"1000\" data-large_image_height=\"667\" data-dt-img-description=\"ASSOCIACI\u00d3 CULTURAL HORT, ART EN MOVIMENT\" title=\"ASSOCIACI\u00d3 CULTURAL HORT, ART EN MOVIMENT\"><img decoding=\"async\" class=\"preload-me owl-lazy-load aspect\" src=\"data:image\/svg+xml,%3Csvg%20xmlns%3D&#39;http%3A%2F%2Fwww.w3.org%2F2000%2Fsvg&#39;%20viewBox%3D&#39;0%200%20999%20666&#39;%2F%3E\" data-src=\"https:\/\/culturaonline.consorcimuseus.gva.es\/wp-content\/uploads\/2020\/10\/46-conciencia-ecologica-associacio-cultural-hort-art-en-moviment.jpg\" data-srcset=\"https:\/\/culturaonline.consorcimuseus.gva.es\/wp-content\/uploads\/2020\/10\/46-conciencia-ecologica-associacio-cultural-hort-art-en-moviment.jpg 999w\" loading=\"eager\" style=\"--ratio: 999 \/ 666\" sizes=\"(max-width: 999px) 100vw, 999px\" alt=\"ASSOCIACI\u00d3 CULTURAL HORT, ART EN MOVIMENT\" width=\"999\" height=\"666\"  \/><span class=\"gallery-rollover\"><\/span><\/a><\/figure><\/div><div data-post-id=\"186\" data-date=\"2020-10-10T11:59:37+02:00\" data-name=\"LA MUTUA ART\u00cdSTICA\"><figure class=\"post\"><a href=\"https:\/\/culturaonline.consorcimuseus.gva.es\/wp-content\/uploads\/2020\/10\/47-conciencia-ecologica-foto-la-mutua-artistica.jpg\" class=\"rollover dt-pswp-item layzr-bg\" data-large_image_width=\"1000\" data-large_image_height=\"667\" data-dt-img-description=\"LA MUTUA ART\u00cdSTICA\" title=\"LA MUTUA ART\u00cdSTICA\"><img decoding=\"async\" class=\"preload-me owl-lazy-load aspect\" src=\"data:image\/svg+xml,%3Csvg%20xmlns%3D&#39;http%3A%2F%2Fwww.w3.org%2F2000%2Fsvg&#39;%20viewBox%3D&#39;0%200%20999%20666&#39;%2F%3E\" data-src=\"https:\/\/culturaonline.consorcimuseus.gva.es\/wp-content\/uploads\/2020\/10\/47-conciencia-ecologica-foto-la-mutua-artistica.jpg\" data-srcset=\"https:\/\/culturaonline.consorcimuseus.gva.es\/wp-content\/uploads\/2020\/10\/47-conciencia-ecologica-foto-la-mutua-artistica.jpg 999w\" loading=\"eager\" style=\"--ratio: 999 \/ 666\" sizes=\"(max-width: 999px) 100vw, 999px\" alt=\"LA MUTUA ART\u00cdSTICA\" width=\"999\" height=\"666\"  \/><span class=\"gallery-rollover\"><\/span><\/a><\/figure><\/div><div data-post-id=\"188\" data-date=\"2020-10-10T11:59:38+02:00\" data-name=\"OSCAR PIERA. No hay planeta B\"><figure class=\"post\"><a href=\"https:\/\/culturaonline.consorcimuseus.gva.es\/wp-content\/uploads\/2020\/10\/48-conciencia-ecologica-foto-oscar-piera.jpg\" class=\"rollover dt-pswp-item layzr-bg\" data-large_image_width=\"1000\" data-large_image_height=\"667\" data-dt-img-description=\"OSCAR PIERA. No hay planeta B\" title=\"OSCAR PIERA. No hay planeta B\"><img decoding=\"async\" class=\"preload-me owl-lazy-load aspect\" src=\"data:image\/svg+xml,%3Csvg%20xmlns%3D&#39;http%3A%2F%2Fwww.w3.org%2F2000%2Fsvg&#39;%20viewBox%3D&#39;0%200%20999%20666&#39;%2F%3E\" data-src=\"https:\/\/culturaonline.consorcimuseus.gva.es\/wp-content\/uploads\/2020\/10\/48-conciencia-ecologica-foto-oscar-piera.jpg\" data-srcset=\"https:\/\/culturaonline.consorcimuseus.gva.es\/wp-content\/uploads\/2020\/10\/48-conciencia-ecologica-foto-oscar-piera.jpg 999w\" loading=\"eager\" style=\"--ratio: 999 \/ 666\" sizes=\"(max-width: 999px) 100vw, 999px\" alt=\"OSCAR PIERA. No hay planeta B\" width=\"999\" height=\"666\"  \/><span class=\"gallery-rollover\"><\/span><\/a><\/figure><\/div><div data-post-id=\"190\" data-date=\"2020-10-10T11:59:40+02:00\" data-name=\"NICOL\u00c1S MUNUERA GINER. Catograf\u00eda\/Frontera. Inability Time.\"><figure class=\"post\"><a href=\"https:\/\/culturaonline.consorcimuseus.gva.es\/wp-content\/uploads\/2020\/10\/49-conciencia-ecologica-nico-munuera.jpg\" class=\"rollover dt-pswp-item layzr-bg\" data-large_image_width=\"1000\" data-large_image_height=\"667\" data-dt-img-description=\"NICOL\u00c1S MUNUERA GINER. Catograf\u00eda\/Frontera. Inability Time. \" title=\"NICOL\u00c1S MUNUERA GINER. Catograf\u00eda\/Frontera. Inability Time.\"><img decoding=\"async\" class=\"preload-me owl-lazy-load aspect\" src=\"data:image\/svg+xml,%3Csvg%20xmlns%3D&#39;http%3A%2F%2Fwww.w3.org%2F2000%2Fsvg&#39;%20viewBox%3D&#39;0%200%20999%20666&#39;%2F%3E\" data-src=\"https:\/\/culturaonline.consorcimuseus.gva.es\/wp-content\/uploads\/2020\/10\/49-conciencia-ecologica-nico-munuera.jpg\" data-srcset=\"https:\/\/culturaonline.consorcimuseus.gva.es\/wp-content\/uploads\/2020\/10\/49-conciencia-ecologica-nico-munuera.jpg 999w\" loading=\"eager\" style=\"--ratio: 999 \/ 666\" sizes=\"(max-width: 999px) 100vw, 999px\" alt=\"NICOL\u00c1S MUNUERA GINER. Catograf\u00eda\/Frontera. Inability Time.\" width=\"999\" height=\"666\"  \/><span class=\"gallery-rollover\"><\/span><\/a><\/figure><\/div><div data-post-id=\"192\" data-date=\"2020-10-10T11:59:42+02:00\" data-name=\"AMADEO MOSCARD\u00d3 PASCUAL. Islandia\"><figure class=\"post\"><a href=\"https:\/\/culturaonline.consorcimuseus.gva.es\/wp-content\/uploads\/2020\/10\/50-conciencia-ecologica-amadeo-moscardo-pascual-1.jpg\" class=\"rollover dt-pswp-item layzr-bg\" data-large_image_width=\"1000\" data-large_image_height=\"667\" data-dt-img-description=\"AMADEO MOSCARD\u00d3 PASCUAL. Islandia\" title=\"AMADEO MOSCARD\u00d3 PASCUAL. Islandia\"><img decoding=\"async\" class=\"preload-me owl-lazy-load aspect\" src=\"data:image\/svg+xml,%3Csvg%20xmlns%3D&#39;http%3A%2F%2Fwww.w3.org%2F2000%2Fsvg&#39;%20viewBox%3D&#39;0%200%20999%20666&#39;%2F%3E\" data-src=\"https:\/\/culturaonline.consorcimuseus.gva.es\/wp-content\/uploads\/2020\/10\/50-conciencia-ecologica-amadeo-moscardo-pascual-1.jpg\" data-srcset=\"https:\/\/culturaonline.consorcimuseus.gva.es\/wp-content\/uploads\/2020\/10\/50-conciencia-ecologica-amadeo-moscardo-pascual-1.jpg 999w\" loading=\"eager\" style=\"--ratio: 999 \/ 666\" sizes=\"(max-width: 999px) 100vw, 999px\" alt=\"AMADEO MOSCARD\u00d3 PASCUAL. Islandia\" width=\"999\" height=\"666\"  \/><span class=\"gallery-rollover\"><\/span><\/a><\/figure><\/div><div data-post-id=\"194\" data-date=\"2020-10-10T11:59:45+02:00\" data-name=\"JULIA NAVARRO. SangSavia. The Tree Hug Test\"><figure class=\"post\"><a href=\"https:\/\/culturaonline.consorcimuseus.gva.es\/wp-content\/uploads\/2020\/10\/51-conciencia-ecologica-foto-julia-navarro.jpg\" class=\"rollover dt-pswp-item layzr-bg\" data-large_image_width=\"1000\" data-large_image_height=\"667\" data-dt-img-description=\"JULIA NAVARRO. SangSavia. The Tree Hug Test\" title=\"JULIA NAVARRO. SangSavia. The Tree Hug Test\"><img decoding=\"async\" class=\"preload-me owl-lazy-load aspect\" src=\"data:image\/svg+xml,%3Csvg%20xmlns%3D&#39;http%3A%2F%2Fwww.w3.org%2F2000%2Fsvg&#39;%20viewBox%3D&#39;0%200%20999%20666&#39;%2F%3E\" data-src=\"https:\/\/culturaonline.consorcimuseus.gva.es\/wp-content\/uploads\/2020\/10\/51-conciencia-ecologica-foto-julia-navarro.jpg\" data-srcset=\"https:\/\/culturaonline.consorcimuseus.gva.es\/wp-content\/uploads\/2020\/10\/51-conciencia-ecologica-foto-julia-navarro.jpg 999w\" loading=\"eager\" style=\"--ratio: 999 \/ 666\" sizes=\"(max-width: 999px) 100vw, 999px\" alt=\"JULIA NAVARRO. SangSavia. The Tree Hug Test\" width=\"999\" height=\"666\"  \/><span class=\"gallery-rollover\"><\/span><\/a><\/figure><\/div><div data-post-id=\"196\" data-date=\"2020-10-10T11:59:47+02:00\" data-name=\"BELEN BOTTO. Do you sea?\"><figure class=\"post\"><a href=\"https:\/\/culturaonline.consorcimuseus.gva.es\/wp-content\/uploads\/2020\/10\/52-conciencia-ecologica-selen-botto-.jpg\" class=\"rollover dt-pswp-item layzr-bg\" data-large_image_width=\"1000\" data-large_image_height=\"667\" data-dt-img-description=\"BELEN BOTTO. Do you sea?\" title=\"BELEN BOTTO. Do you sea?\"><img decoding=\"async\" class=\"preload-me owl-lazy-load aspect\" src=\"data:image\/svg+xml,%3Csvg%20xmlns%3D&#39;http%3A%2F%2Fwww.w3.org%2F2000%2Fsvg&#39;%20viewBox%3D&#39;0%200%20999%20666&#39;%2F%3E\" data-src=\"https:\/\/culturaonline.consorcimuseus.gva.es\/wp-content\/uploads\/2020\/10\/52-conciencia-ecologica-selen-botto-.jpg\" data-srcset=\"https:\/\/culturaonline.consorcimuseus.gva.es\/wp-content\/uploads\/2020\/10\/52-conciencia-ecologica-selen-botto-.jpg 999w\" loading=\"eager\" style=\"--ratio: 999 \/ 666\" sizes=\"(max-width: 999px) 100vw, 999px\" alt=\"BELEN BOTTO. Do you sea?\" width=\"999\" height=\"666\"  \/><span class=\"gallery-rollover\"><\/span><\/a><\/figure><\/div><div data-post-id=\"198\" data-date=\"2020-10-10T11:59:49+02:00\" data-name=\"EDU COMELLES ALLU.  Campo de emisi\u00f3n\"><figure class=\"post\"><a href=\"https:\/\/culturaonline.consorcimuseus.gva.es\/wp-content\/uploads\/2020\/10\/53-conciencia-ecologica-foto-edu-comelles.jpg\" class=\"rollover dt-pswp-item layzr-bg\" data-large_image_width=\"1000\" data-large_image_height=\"667\" data-dt-img-description=\"EDU COMELLES ALLU.  Campo de emisi\u00f3n\" title=\"EDU COMELLES ALLU.  Campo de emisi\u00f3n\"><img decoding=\"async\" class=\"preload-me owl-lazy-load aspect\" src=\"data:image\/svg+xml,%3Csvg%20xmlns%3D&#39;http%3A%2F%2Fwww.w3.org%2F2000%2Fsvg&#39;%20viewBox%3D&#39;0%200%20999%20666&#39;%2F%3E\" data-src=\"https:\/\/culturaonline.consorcimuseus.gva.es\/wp-content\/uploads\/2020\/10\/53-conciencia-ecologica-foto-edu-comelles.jpg\" data-srcset=\"https:\/\/culturaonline.consorcimuseus.gva.es\/wp-content\/uploads\/2020\/10\/53-conciencia-ecologica-foto-edu-comelles.jpg 999w\" loading=\"eager\" style=\"--ratio: 999 \/ 666\" sizes=\"(max-width: 999px) 100vw, 999px\" alt=\"EDU COMELLES ALLU. Campo de emisi\u00f3n\" width=\"999\" height=\"666\"  \/><span class=\"gallery-rollover\"><\/span><\/a><\/figure><\/div><\/div>[vc_empty_space height=\u00bb35px\u00bb][vc_column_text]No hay Planeta B. Las reflexiones de estos artistas nos ofrecen visiones y alertas de la emergencia clim\u00e1tica y medioambiental. Aparecen im\u00e1genes que se alteran para visibilizar los residuos, que recogen la memoria de un r\u00edo, la transformaci\u00f3n lenta y constante de la naturaleza, de las fronteras que dibuja y desdibuja. Se observan paisajes sonoros en tiempo real, performance e improvisaci\u00f3n musical. Arte y ecolog\u00eda. Cuerpo y entorno. Visi\u00f3n hol\u00edstica a trav\u00e9s de los elementos y conexi\u00f3n de todo lo que habita el planeta a trav\u00e9s del amor. Sangre y Savia. Revisi\u00f3n del paradigma androc\u00e9ntrico.[\/vc_column_text][vc_column_text]<strong><a href=\"https:\/\/culturaonline.consorcimuseus.gva.es\/es\/edu-comelles-allu\/\">EDU COMELLES ALLU. \u00a0<em>Campo de emisi\u00f3n<\/em><\/a><\/strong><\/p>\n<p><a href=\"https:\/\/culturaonline.consorcimuseus.gva.es\/es\/bressol-produccions\/\"><strong>BRESSOL PRODUCCIONS. <\/strong><strong><em>La mem\u00f2ria d\u2019un riu<\/em><\/strong><\/a><\/p>\n<p><a href=\"https:\/\/culturaonline.consorcimuseus.gva.es\/es\/pau-berga\/\"><strong>PAU BERGA. <\/strong><strong><em>Requiem for a CEO<\/em><\/strong><\/a><\/p>\n<p><strong><a href=\"https:\/\/culturaonline.consorcimuseus.gva.es\/es\/associacio-cultural-hort-art-en-moviment\/\">ASSOCIACI\u00d3 CULTURAL HORT-ART EN MOVIMENT. <em>Estudi per a Cossos Transitius<\/em><\/a><\/strong><\/p>\n<p><a href=\"https:\/\/culturaonline.consorcimuseus.gva.es\/es\/la-mutua-artistica\/\"><strong>LA MUTUA ART\u00cdSTICA. <\/strong><strong><em>El viento del mundo<\/em><\/strong><\/a><\/p>\n<p><a href=\"https:\/\/culturaonline.consorcimuseus.gva.es\/es\/tresdeu-media\/\"><strong>TRESDEU MEDIA. <em>Conscients<\/em><\/strong><\/a><\/p>\n<p><a href=\"https:\/\/culturaonline.consorcimuseus.gva.es\/es\/nico-munuera\/\"><strong>NICO MUNUERA. <em>Cartograf\u00eda\/Frontera. Inability Time<\/em><\/strong><\/a><\/p>\n<p><a href=\"https:\/\/culturaonline.consorcimuseus.gva.es\/es\/amadeo-moscardo-e-inaki-sanchez\/\"><strong>AMADEO MOSCARDO E I\u00d1AKI S\u00c1NCHEZ. <em>Islandia<\/em><\/strong><\/a><\/p>\n<p><a href=\"https:\/\/culturaonline.consorcimuseus.gva.es\/es\/julia-navarro\/\"><strong>JULIA NAVARRO. <em>SangSavia. The Tree Hug Test<\/em><\/strong><\/a><\/p>\n<p><a href=\"https:\/\/culturaonline.consorcimuseus.gva.es\/es\/selen-botto\/\"><strong>SELEN BOTTO. <em>Do you sea?<\/em><\/strong><\/a><\/p>\n<p>&nbsp;<\/p>\n<p>&nbsp;<\/p>\n<p>&nbsp;<\/p>\n<p>&nbsp;<\/p>\n<p>&nbsp;<\/p>\n<p>&nbsp;<\/p>\n<p>[\/vc_column_text][\/vc_column][\/vc_row]<\/p>\n<\/div>","protected":false},"excerpt":{"rendered":"<p>[vc_row el_class=\u00bbtitulo-pagina-custom-container\u00bb][vc_column][vc_column_text css=\u00bb.vc_custom_1602349749367{margin-bottom: 15px !important;}\u00bb el_class=\u00bbtitulo-pagina-custom\u00bb]EJES[\/vc_column_text][\/vc_column][\/vc_row][vc_row][vc_column][vc_separator color=\u00bbblack\u00bb][\/vc_column][\/vc_row][vc_row][vc_column width=\u00bb1\/3&#8243;][vc_column_text el_class=\u00bbpage-container-titulo-eje\u00bb] Conciencia ecol\u00f3gica. La naturaleza. Los elementos [\/vc_column_text][vc_column_text][\/vc_column_text][\/vc_column][vc_column width=\u00bb2\/3&#8243;][vc_empty_space height=\u00bb35px\u00bb][vc_column_text]No hay Planeta B. Las reflexiones de estos artistas nos ofrecen visiones y alertas de la emergencia clim\u00e1tica y medioambiental. Aparecen im\u00e1genes que se alteran para visibilizar los residuos, que recogen la memoria de un r\u00edo, la transformaci\u00f3n&hellip;<\/p>\n","protected":false},"author":2,"featured_media":182,"parent":304,"menu_order":0,"comment_status":"closed","ping_status":"closed","template":"","meta":{"footnotes":""},"class_list":["post-349","page","type-page","status-publish","has-post-thumbnail","hentry","description-off"],"yoast_head":"<!-- This site is optimized with the Yoast SEO plugin v27.3 - https:\/\/yoast.com\/product\/yoast-seo-wordpress\/ -->\n<title>Conciencia ecol\u00f3gica. La naturaleza. Los elementos - Cultura Online<\/title>\n<meta name=\"robots\" content=\"index, follow, max-snippet:-1, max-image-preview:large, max-video-preview:-1\" \/>\n<link rel=\"canonical\" href=\"https:\/\/culturaonline.consorcimuseus.gva.es\/es\/cultura-online\/conciencia-ecologica-la-naturaleza-los-elementos\/\" \/>\n<meta property=\"og:locale\" content=\"es_ES\" \/>\n<meta property=\"og:type\" content=\"article\" \/>\n<meta property=\"og:title\" content=\"Conciencia ecol\u00f3gica. La naturaleza. Los elementos - Cultura Online\" \/>\n<meta property=\"og:description\" content=\"[vc_row el_class=\u00bbtitulo-pagina-custom-container\u00bb][vc_column][vc_column_text css=\u00bb.vc_custom_1602349749367{margin-bottom: 15px !important;}\u00bb el_class=\u00bbtitulo-pagina-custom\u00bb]EJES[\/vc_column_text][\/vc_column][\/vc_row][vc_row][vc_column][vc_separator color=\u00bbblack\u00bb][\/vc_column][\/vc_row][vc_row][vc_column width=\u00bb1\/3&#8243;][vc_column_text el_class=\u00bbpage-container-titulo-eje\u00bb] Conciencia ecol\u00f3gica. La naturaleza. Los elementos [\/vc_column_text][vc_column_text][\/vc_column_text][\/vc_column][vc_column width=\u00bb2\/3&#8243;][vc_empty_space height=\u00bb35px\u00bb][vc_column_text]No hay Planeta B. Las reflexiones de estos artistas nos ofrecen visiones y alertas de la emergencia clim\u00e1tica y medioambiental. Aparecen im\u00e1genes que se alteran para visibilizar los residuos, que recogen la memoria de un r\u00edo, la transformaci\u00f3n&hellip;\" \/>\n<meta property=\"og:url\" content=\"https:\/\/culturaonline.consorcimuseus.gva.es\/es\/cultura-online\/conciencia-ecologica-la-naturaleza-los-elementos\/\" \/>\n<meta property=\"og:site_name\" content=\"Cultura Online\" \/>\n<meta property=\"article:modified_time\" content=\"2020-11-19T11:47:21+00:00\" \/>\n<meta property=\"og:image\" content=\"http:\/\/false\" \/>\n<meta name=\"twitter:card\" content=\"summary_large_image\" \/>\n<meta name=\"twitter:label1\" content=\"Tiempo de lectura\" \/>\n\t<meta name=\"twitter:data1\" content=\"2 minutos\" \/>\n<script type=\"application\/ld+json\" class=\"yoast-schema-graph\">{\"@context\":\"https:\\\/\\\/schema.org\",\"@graph\":[{\"@type\":\"WebPage\",\"@id\":\"https:\\\/\\\/culturaonline.consorcimuseus.gva.es\\\/es\\\/cultura-online\\\/conciencia-ecologica-la-naturaleza-los-elementos\\\/\",\"url\":\"https:\\\/\\\/culturaonline.consorcimuseus.gva.es\\\/es\\\/cultura-online\\\/conciencia-ecologica-la-naturaleza-los-elementos\\\/\",\"name\":\"Conciencia ecol\u00f3gica. La naturaleza. Los elementos - Cultura Online\",\"isPartOf\":{\"@id\":\"https:\\\/\\\/culturaonline.consorcimuseus.gva.es\\\/#website\"},\"primaryImageOfPage\":{\"@id\":\"https:\\\/\\\/culturaonline.consorcimuseus.gva.es\\\/es\\\/cultura-online\\\/conciencia-ecologica-la-naturaleza-los-elementos\\\/#primaryimage\"},\"image\":{\"@id\":\"https:\\\/\\\/culturaonline.consorcimuseus.gva.es\\\/es\\\/cultura-online\\\/conciencia-ecologica-la-naturaleza-los-elementos\\\/#primaryimage\"},\"thumbnailUrl\":\"https:\\\/\\\/culturaonline.consorcimuseus.gva.es\\\/wp-content\\\/uploads\\\/2020\\\/10\\\/45-conciencia-ecologica-foto-pau-berga.jpg\",\"datePublished\":\"2020-10-10T17:09:46+00:00\",\"dateModified\":\"2020-11-19T11:47:21+00:00\",\"breadcrumb\":{\"@id\":\"https:\\\/\\\/culturaonline.consorcimuseus.gva.es\\\/es\\\/cultura-online\\\/conciencia-ecologica-la-naturaleza-los-elementos\\\/#breadcrumb\"},\"inLanguage\":\"es\",\"potentialAction\":[{\"@type\":\"ReadAction\",\"target\":[\"https:\\\/\\\/culturaonline.consorcimuseus.gva.es\\\/es\\\/cultura-online\\\/conciencia-ecologica-la-naturaleza-los-elementos\\\/\"]}]},{\"@type\":\"ImageObject\",\"inLanguage\":\"es\",\"@id\":\"https:\\\/\\\/culturaonline.consorcimuseus.gva.es\\\/es\\\/cultura-online\\\/conciencia-ecologica-la-naturaleza-los-elementos\\\/#primaryimage\",\"url\":\"https:\\\/\\\/culturaonline.consorcimuseus.gva.es\\\/wp-content\\\/uploads\\\/2020\\\/10\\\/45-conciencia-ecologica-foto-pau-berga.jpg\",\"contentUrl\":\"https:\\\/\\\/culturaonline.consorcimuseus.gva.es\\\/wp-content\\\/uploads\\\/2020\\\/10\\\/45-conciencia-ecologica-foto-pau-berga.jpg\",\"width\":1000,\"height\":667,\"caption\":\"PAU BERGA. Requiem for a CEO\"},{\"@type\":\"BreadcrumbList\",\"@id\":\"https:\\\/\\\/culturaonline.consorcimuseus.gva.es\\\/es\\\/cultura-online\\\/conciencia-ecologica-la-naturaleza-los-elementos\\\/#breadcrumb\",\"itemListElement\":[{\"@type\":\"ListItem\",\"position\":1,\"name\":\"Portada\",\"item\":\"https:\\\/\\\/culturaonline.consorcimuseus.gva.es\\\/es\\\/\"},{\"@type\":\"ListItem\",\"position\":2,\"name\":\"Cultura Online\",\"item\":\"https:\\\/\\\/culturaonline.consorcimuseus.gva.es\\\/es\\\/cultura-online\\\/\"},{\"@type\":\"ListItem\",\"position\":3,\"name\":\"Conciencia ecol\u00f3gica. La naturaleza. Los elementos\"}]},{\"@type\":\"WebSite\",\"@id\":\"https:\\\/\\\/culturaonline.consorcimuseus.gva.es\\\/#website\",\"url\":\"https:\\\/\\\/culturaonline.consorcimuseus.gva.es\\\/\",\"name\":\"Cultura Online\",\"description\":\"\",\"publisher\":{\"@id\":\"https:\\\/\\\/culturaonline.consorcimuseus.gva.es\\\/#organization\"},\"potentialAction\":[{\"@type\":\"SearchAction\",\"target\":{\"@type\":\"EntryPoint\",\"urlTemplate\":\"https:\\\/\\\/culturaonline.consorcimuseus.gva.es\\\/?s={search_term_string}\"},\"query-input\":{\"@type\":\"PropertyValueSpecification\",\"valueRequired\":true,\"valueName\":\"search_term_string\"}}],\"inLanguage\":\"es\"},{\"@type\":\"Organization\",\"@id\":\"https:\\\/\\\/culturaonline.consorcimuseus.gva.es\\\/#organization\",\"name\":\"Consorci de Museus de la Comunitat Valenciana\",\"url\":\"https:\\\/\\\/culturaonline.consorcimuseus.gva.es\\\/\",\"logo\":{\"@type\":\"ImageObject\",\"inLanguage\":\"es\",\"@id\":\"https:\\\/\\\/culturaonline.consorcimuseus.gva.es\\\/#\\\/schema\\\/logo\\\/image\\\/\",\"url\":\"https:\\\/\\\/culturaonline.consorcimuseus.gva.es\\\/wp-content\\\/uploads\\\/2020\\\/10\\\/logo-consorci-museus.jpg\",\"contentUrl\":\"https:\\\/\\\/culturaonline.consorcimuseus.gva.es\\\/wp-content\\\/uploads\\\/2020\\\/10\\\/logo-consorci-museus.jpg\",\"width\":122,\"height\":108,\"caption\":\"Consorci de Museus de la Comunitat Valenciana\"},\"image\":{\"@id\":\"https:\\\/\\\/culturaonline.consorcimuseus.gva.es\\\/#\\\/schema\\\/logo\\\/image\\\/\"}}]}<\/script>\n<!-- \/ Yoast SEO plugin. -->","yoast_head_json":{"title":"Conciencia ecol\u00f3gica. La naturaleza. Los elementos - Cultura Online","robots":{"index":"index","follow":"follow","max-snippet":"max-snippet:-1","max-image-preview":"max-image-preview:large","max-video-preview":"max-video-preview:-1"},"canonical":"https:\/\/culturaonline.consorcimuseus.gva.es\/es\/cultura-online\/conciencia-ecologica-la-naturaleza-los-elementos\/","og_locale":"es_ES","og_type":"article","og_title":"Conciencia ecol\u00f3gica. La naturaleza. Los elementos - Cultura Online","og_description":"[vc_row el_class=\u00bbtitulo-pagina-custom-container\u00bb][vc_column][vc_column_text css=\u00bb.vc_custom_1602349749367{margin-bottom: 15px !important;}\u00bb el_class=\u00bbtitulo-pagina-custom\u00bb]EJES[\/vc_column_text][\/vc_column][\/vc_row][vc_row][vc_column][vc_separator color=\u00bbblack\u00bb][\/vc_column][\/vc_row][vc_row][vc_column width=\u00bb1\/3&#8243;][vc_column_text el_class=\u00bbpage-container-titulo-eje\u00bb] Conciencia ecol\u00f3gica. La naturaleza. Los elementos [\/vc_column_text][vc_column_text][\/vc_column_text][\/vc_column][vc_column width=\u00bb2\/3&#8243;][vc_empty_space height=\u00bb35px\u00bb][vc_column_text]No hay Planeta B. Las reflexiones de estos artistas nos ofrecen visiones y alertas de la emergencia clim\u00e1tica y medioambiental. Aparecen im\u00e1genes que se alteran para visibilizar los residuos, que recogen la memoria de un r\u00edo, la transformaci\u00f3n&hellip;","og_url":"https:\/\/culturaonline.consorcimuseus.gva.es\/es\/cultura-online\/conciencia-ecologica-la-naturaleza-los-elementos\/","og_site_name":"Cultura Online","article_modified_time":"2020-11-19T11:47:21+00:00","og_image":[{"url":"false","type":"","width":"","height":""}],"twitter_card":"summary_large_image","twitter_misc":{"Tiempo de lectura":"2 minutos"},"schema":{"@context":"https:\/\/schema.org","@graph":[{"@type":"WebPage","@id":"https:\/\/culturaonline.consorcimuseus.gva.es\/es\/cultura-online\/conciencia-ecologica-la-naturaleza-los-elementos\/","url":"https:\/\/culturaonline.consorcimuseus.gva.es\/es\/cultura-online\/conciencia-ecologica-la-naturaleza-los-elementos\/","name":"Conciencia ecol\u00f3gica. La naturaleza. Los elementos - Cultura Online","isPartOf":{"@id":"https:\/\/culturaonline.consorcimuseus.gva.es\/#website"},"primaryImageOfPage":{"@id":"https:\/\/culturaonline.consorcimuseus.gva.es\/es\/cultura-online\/conciencia-ecologica-la-naturaleza-los-elementos\/#primaryimage"},"image":{"@id":"https:\/\/culturaonline.consorcimuseus.gva.es\/es\/cultura-online\/conciencia-ecologica-la-naturaleza-los-elementos\/#primaryimage"},"thumbnailUrl":"https:\/\/culturaonline.consorcimuseus.gva.es\/wp-content\/uploads\/2020\/10\/45-conciencia-ecologica-foto-pau-berga.jpg","datePublished":"2020-10-10T17:09:46+00:00","dateModified":"2020-11-19T11:47:21+00:00","breadcrumb":{"@id":"https:\/\/culturaonline.consorcimuseus.gva.es\/es\/cultura-online\/conciencia-ecologica-la-naturaleza-los-elementos\/#breadcrumb"},"inLanguage":"es","potentialAction":[{"@type":"ReadAction","target":["https:\/\/culturaonline.consorcimuseus.gva.es\/es\/cultura-online\/conciencia-ecologica-la-naturaleza-los-elementos\/"]}]},{"@type":"ImageObject","inLanguage":"es","@id":"https:\/\/culturaonline.consorcimuseus.gva.es\/es\/cultura-online\/conciencia-ecologica-la-naturaleza-los-elementos\/#primaryimage","url":"https:\/\/culturaonline.consorcimuseus.gva.es\/wp-content\/uploads\/2020\/10\/45-conciencia-ecologica-foto-pau-berga.jpg","contentUrl":"https:\/\/culturaonline.consorcimuseus.gva.es\/wp-content\/uploads\/2020\/10\/45-conciencia-ecologica-foto-pau-berga.jpg","width":1000,"height":667,"caption":"PAU BERGA. Requiem for a CEO"},{"@type":"BreadcrumbList","@id":"https:\/\/culturaonline.consorcimuseus.gva.es\/es\/cultura-online\/conciencia-ecologica-la-naturaleza-los-elementos\/#breadcrumb","itemListElement":[{"@type":"ListItem","position":1,"name":"Portada","item":"https:\/\/culturaonline.consorcimuseus.gva.es\/es\/"},{"@type":"ListItem","position":2,"name":"Cultura Online","item":"https:\/\/culturaonline.consorcimuseus.gva.es\/es\/cultura-online\/"},{"@type":"ListItem","position":3,"name":"Conciencia ecol\u00f3gica. La naturaleza. Los elementos"}]},{"@type":"WebSite","@id":"https:\/\/culturaonline.consorcimuseus.gva.es\/#website","url":"https:\/\/culturaonline.consorcimuseus.gva.es\/","name":"Cultura Online","description":"","publisher":{"@id":"https:\/\/culturaonline.consorcimuseus.gva.es\/#organization"},"potentialAction":[{"@type":"SearchAction","target":{"@type":"EntryPoint","urlTemplate":"https:\/\/culturaonline.consorcimuseus.gva.es\/?s={search_term_string}"},"query-input":{"@type":"PropertyValueSpecification","valueRequired":true,"valueName":"search_term_string"}}],"inLanguage":"es"},{"@type":"Organization","@id":"https:\/\/culturaonline.consorcimuseus.gva.es\/#organization","name":"Consorci de Museus de la Comunitat Valenciana","url":"https:\/\/culturaonline.consorcimuseus.gva.es\/","logo":{"@type":"ImageObject","inLanguage":"es","@id":"https:\/\/culturaonline.consorcimuseus.gva.es\/#\/schema\/logo\/image\/","url":"https:\/\/culturaonline.consorcimuseus.gva.es\/wp-content\/uploads\/2020\/10\/logo-consorci-museus.jpg","contentUrl":"https:\/\/culturaonline.consorcimuseus.gva.es\/wp-content\/uploads\/2020\/10\/logo-consorci-museus.jpg","width":122,"height":108,"caption":"Consorci de Museus de la Comunitat Valenciana"},"image":{"@id":"https:\/\/culturaonline.consorcimuseus.gva.es\/#\/schema\/logo\/image\/"}}]}},"_links":{"self":[{"href":"https:\/\/culturaonline.consorcimuseus.gva.es\/es\/wp-json\/wp\/v2\/pages\/349","targetHints":{"allow":["GET"]}}],"collection":[{"href":"https:\/\/culturaonline.consorcimuseus.gva.es\/es\/wp-json\/wp\/v2\/pages"}],"about":[{"href":"https:\/\/culturaonline.consorcimuseus.gva.es\/es\/wp-json\/wp\/v2\/types\/page"}],"author":[{"embeddable":true,"href":"https:\/\/culturaonline.consorcimuseus.gva.es\/es\/wp-json\/wp\/v2\/users\/2"}],"replies":[{"embeddable":true,"href":"https:\/\/culturaonline.consorcimuseus.gva.es\/es\/wp-json\/wp\/v2\/comments?post=349"}],"version-history":[{"count":0,"href":"https:\/\/culturaonline.consorcimuseus.gva.es\/es\/wp-json\/wp\/v2\/pages\/349\/revisions"}],"up":[{"embeddable":true,"href":"https:\/\/culturaonline.consorcimuseus.gva.es\/es\/wp-json\/wp\/v2\/pages\/304"}],"wp:featuredmedia":[{"embeddable":true,"href":"https:\/\/culturaonline.consorcimuseus.gva.es\/es\/wp-json\/wp\/v2\/media\/182"}],"wp:attachment":[{"href":"https:\/\/culturaonline.consorcimuseus.gva.es\/es\/wp-json\/wp\/v2\/media?parent=349"}],"curies":[{"name":"wp","href":"https:\/\/api.w.org\/{rel}","templated":true}]}}